{"id":178,"date":"2016-01-11T21:26:57","date_gmt":"2016-01-11T20:26:57","guid":{"rendered":"http:\/\/omegakikol.pl\/?page_id=178"},"modified":"2025-07-14T20:36:49","modified_gmt":"2025-07-14T18:36:49","slug":"projekty-5","status":"publish","type":"page","link":"https:\/\/omegakikol.pl\/?page_id=178","title":{"rendered":"Projekty"},"content":{"rendered":"<p><center style=\"color: #2d0059; font-size: x-small; widows: 1; background-color: #ffffff;\"><span style=\"font-family: 'times new roman', times; color: #000000;\"><a style=\"color: #000000;\" href=\"https:\/\/omegakikol.pl\/wp-content\/uploads\/2024\/10\/image.png\"><img loading=\"lazy\" decoding=\"async\" class=\"wp-image-3132 aligncenter\" src=\"https:\/\/omegakikol.pl\/wp-content\/uploads\/2024\/10\/image.png\" alt=\"\" width=\"1086\" height=\"102\" srcset=\"https:\/\/omegakikol.pl\/wp-content\/uploads\/2024\/10\/image.png 945w, https:\/\/omegakikol.pl\/wp-content\/uploads\/2024\/10\/image-300x28.png 300w, https:\/\/omegakikol.pl\/wp-content\/uploads\/2024\/10\/image-768x72.png 768w\" sizes=\"auto, (max-width: 1086px) 100vw, 1086px\" \/><\/a><\/span><\/center><center><span style=\"font-family: arial, helvetica, sans-serif; color: #000000;\"><strong>Priorytet FEKP.08.00&nbsp; Dzia\u0142anie FEKP.08.13<\/strong><\/span><\/center><\/p>\n<p style=\"text-align: center;\"><span style=\"font-family: arial, helvetica, sans-serif; color: #000000;\"><strong>pn: ,, Dostosowanie kszta\u0142cenia og\u00f3lnego do potrzeb rynku pracy I ETAP\u201d<\/strong><\/span><\/p>\n<p style=\"text-align: center;\"><span style=\"font-family: arial, helvetica, sans-serif; color: #000000;\"><strong>FEKP.08.13-IZ.00-0004\/24<\/strong><\/span><\/p>\n<p><span style=\"font-family: arial, helvetica, sans-serif; color: #000000;\"><strong>&nbsp;<\/strong><\/span><\/p>\n<p><span style=\"font-family: arial, helvetica, sans-serif; color: #000000;\">W dniu 01.07.2025r. rozpocz\u0119\u0142y 160 godzinne sta\u017ce uczniowskie dla 58 uczni\u00f3w z 5 Lice\u00f3w Og\u00f3lnokszta\u0142c\u0105cych W\u0142oc\u0142awka, tj:<\/span><\/p>\n<p><span style=\"font-family: arial, helvetica, sans-serif; color: #000000;\">I Liceum Og\u00f3lnokszta\u0142c\u0105cego im. Ziemi Kujawskiej<\/span><\/p>\n<p><span style=\"font-family: arial, helvetica, sans-serif; color: #000000;\">II Liceum Og\u00f3lnokszta\u0142c\u0105cego im. Miko\u0142aja Kopernika<\/span><\/p>\n<p><span style=\"font-family: arial, helvetica, sans-serif; color: #000000;\">III Liceum Og\u00f3lnokszta\u0142c\u0105cego im. Marii Konopnickiej<\/span><\/p>\n<p><span style=\"font-family: arial, helvetica, sans-serif; color: #000000;\">IV Liceum Og\u00f3lnokszta\u0142c\u0105cego im. K.K. Baczy\u0144skiego<\/span><\/p>\n<p><span style=\"font-family: arial, helvetica, sans-serif; color: #000000;\">V Liceum Og\u00f3lnokszta\u0142c\u0105cego im. Roberta Schumana<\/span><\/p>\n<p><span style=\"font-family: arial, helvetica, sans-serif; color: #000000;\">w ramach projektu pn: \u201eDostosowanie kszta\u0142cenia og\u00f3lnego do potrzeb rynku pracy<\/span><\/p>\n<p style=\"text-align: right;\"><a href=\"https:\/\/omegakikol.pl\/index.php\/nggallery\/page\/1?page_id=3259\"><span style=\"font-family: arial, helvetica, sans-serif; font-size: 16px;\"><strong><span style=\"color: #0000ff;\">Galeria<\/span><\/strong><\/span><\/a><\/p>\n<p style=\"text-align: right;\"><span style=\"color: #0000ff; font-family: arial, helvetica, sans-serif; font-size: 16px;\"><strong><a style=\"color: #0000ff;\" href=\"https:\/\/omegakikol.pl\/wp-content\/uploads\/2025\/07\/informacja.docx\">Czytaj dalej<\/a><\/strong><\/span><\/p>\n<p><img loading=\"lazy\" decoding=\"async\" class=\"aligncenter wp-image-3196\" src=\"https:\/\/omegakikol.pl\/wp-content\/uploads\/2024\/10\/plakat-etapII.jpg\" alt=\"\" width=\"871\" height=\"605\" srcset=\"https:\/\/omegakikol.pl\/wp-content\/uploads\/2024\/10\/plakat-etapII.jpg 898w, https:\/\/omegakikol.pl\/wp-content\/uploads\/2024\/10\/plakat-etapII-300x208.jpg 300w, https:\/\/omegakikol.pl\/wp-content\/uploads\/2024\/10\/plakat-etapII-768x534.jpg 768w\" sizes=\"auto, (max-width: 871px) 100vw, 871px\" \/><\/p>\n<p style=\"text-align: right;\"><a href=\"https:\/\/omegakikol.pl\/?page_id=3179\"><span style=\"color: #0000ff; font-family: 'times new roman', times;\"><strong>Czytaj dalej&#8230;<\/strong><\/span><\/a><\/p>\n<h2 style=\"text-align: center;\"><img loading=\"lazy\" decoding=\"async\" class=\"aligncenter wp-image-3148\" src=\"https:\/\/omegakikol.pl\/wp-content\/uploads\/2024\/10\/plakat-1024x701.jpg\" alt=\"\" width=\"802\" height=\"549\" srcset=\"https:\/\/omegakikol.pl\/wp-content\/uploads\/2024\/10\/plakat-1024x701.jpg 1024w, https:\/\/omegakikol.pl\/wp-content\/uploads\/2024\/10\/plakat-300x205.jpg 300w, https:\/\/omegakikol.pl\/wp-content\/uploads\/2024\/10\/plakat-768x526.jpg 768w, https:\/\/omegakikol.pl\/wp-content\/uploads\/2024\/10\/plakat.jpg 1046w\" sizes=\"auto, (max-width: 802px) 100vw, 802px\" \/><\/h2>\n<p>&nbsp;<\/p>\n<p style=\"text-align: right;\"><strong><a href=\"https:\/\/omegakikol.pl\/?page_id=3129\"><span style=\"color: #0000ff;\"><span style=\"font-family: 'times new roman', times;\">Czytaj wi\u0119cej&#8230;<\/span><\/span><\/a><\/strong><\/p>\n<p>&nbsp;<\/p>\n<p><img loading=\"lazy\" decoding=\"async\" class=\"aligncenter size-large wp-image-2968\" src=\"https:\/\/omegakikol.pl\/wp-content\/uploads\/2022\/03\/plakat-panaceum-omega-RAZEM-DLA-EDUKACJI-1-724x1024.jpg\" alt=\"\" width=\"724\" height=\"1024\" srcset=\"https:\/\/omegakikol.pl\/wp-content\/uploads\/2022\/03\/plakat-panaceum-omega-RAZEM-DLA-EDUKACJI-1-724x1024.jpg 724w, https:\/\/omegakikol.pl\/wp-content\/uploads\/2022\/03\/plakat-panaceum-omega-RAZEM-DLA-EDUKACJI-1-212x300.jpg 212w, https:\/\/omegakikol.pl\/wp-content\/uploads\/2022\/03\/plakat-panaceum-omega-RAZEM-DLA-EDUKACJI-1-768x1086.jpg 768w, https:\/\/omegakikol.pl\/wp-content\/uploads\/2022\/03\/plakat-panaceum-omega-RAZEM-DLA-EDUKACJI-1-1086x1536.jpg 1086w, https:\/\/omegakikol.pl\/wp-content\/uploads\/2022\/03\/plakat-panaceum-omega-RAZEM-DLA-EDUKACJI-1.jpg 1404w\" sizes=\"auto, (max-width: 724px) 100vw, 724px\" \/><\/p>\n<h3 style=\"text-align: center;\"><strong><span style=\"color: #000080;\"><a href=\"https:\/\/omegakikol.pl\/?page_id=2966\">Do projektu&#8230;<\/a><\/span><\/strong><\/h3>\n<h3 style=\"text-align: center;\">&nbsp;<\/h3>\n<h3>&nbsp;<\/h3>\n<h3 style=\"text-align: center;\"><span style=\"color: #000000;\"><strong>&#8222;<em>My te\u017c aktywizujemy si\u0119&nbsp;&nbsp;spo\u0142ecznie i zawodowo LGD -Dobrzy\u0144 Po\u0142udnie\u201d<\/em><\/strong><\/span><\/h3>\n<p><img loading=\"lazy\" decoding=\"async\" class=\"aligncenter wp-image-2318 size-large\" src=\"http:\/\/omegakikol.pl\/wp-content\/uploads\/2020\/01\/plakat-1_2020-A-724x1024.jpg\" alt=\"\" width=\"724\" height=\"1024\" srcset=\"https:\/\/omegakikol.pl\/wp-content\/uploads\/2020\/01\/plakat-1_2020-A-724x1024.jpg 724w, https:\/\/omegakikol.pl\/wp-content\/uploads\/2020\/01\/plakat-1_2020-A-212x300.jpg 212w, https:\/\/omegakikol.pl\/wp-content\/uploads\/2020\/01\/plakat-1_2020-A-768x1086.jpg 768w, https:\/\/omegakikol.pl\/wp-content\/uploads\/2020\/01\/plakat-1_2020-A.jpg 1052w\" sizes=\"auto, (max-width: 724px) 100vw, 724px\" \/><\/p>\n<h3 style=\"text-align: center;\"><strong><span style=\"color: #000080;\"><a href=\"http:\/\/omegakikol.pl\/?page_id=2326\">Do projektu&#8230;<\/a><\/span><\/strong><\/h3>\n<h3>&nbsp;<\/h3>\n<h3 style=\"text-align: center;\"><span style=\"color: #000000;\"><strong><em>&#8222;My te\u017c aktywizujemy si\u0119&nbsp;&nbsp;spo\u0142ecznie i zawodowo LGD -Dobrzy\u0144 Po\u0142udnie -bis&#8221;<\/em><\/strong><\/span><\/h3>\n<p><img loading=\"lazy\" decoding=\"async\" class=\"aligncenter size-large wp-image-2352\" src=\"http:\/\/omegakikol.pl\/wp-content\/uploads\/2020\/01\/plakat-1_2020-B-1-724x1024.jpg\" alt=\"\" width=\"724\" height=\"1024\" srcset=\"https:\/\/omegakikol.pl\/wp-content\/uploads\/2020\/01\/plakat-1_2020-B-1-724x1024.jpg 724w, https:\/\/omegakikol.pl\/wp-content\/uploads\/2020\/01\/plakat-1_2020-B-1-212x300.jpg 212w, https:\/\/omegakikol.pl\/wp-content\/uploads\/2020\/01\/plakat-1_2020-B-1-768x1086.jpg 768w, https:\/\/omegakikol.pl\/wp-content\/uploads\/2020\/01\/plakat-1_2020-B-1.jpg 1052w\" sizes=\"auto, (max-width: 724px) 100vw, 724px\" \/><\/p>\n<h3 style=\"text-align: center;\"><strong><span style=\"color: #000080;\"><a href=\"http:\/\/omegakikol.pl\/?p=2345\">Do projektu&#8230;<\/a><\/span><\/strong><\/h3>\n<p>&nbsp;<\/p>\n<h3 style=\"text-align: center;\"><span style=\"color: #000000;\"><strong>PROJEKT <\/strong><\/span><\/h3>\n<h3 style=\"text-align: center;\"><span style=\"color: #000000;\"><strong>\u201eMieszka\u0144cy powiatu lipnowskiego aktywni na rynku pracy bis\u201d<\/strong><\/span><\/h3>\n<h3 style=\"text-align: center;\"><span style=\"color: #000000;\"><strong>&nbsp;RPKP.08.02.01-04-0030\/17<\/strong><\/span><\/h3>\n<h3 style=\"text-align: center;\"><span style=\"color: #000000;\"><strong>&nbsp;<\/strong><strong>Projekt realizowany w okresie 01.01.2018r. \u2013 31.08.2018r.<\/strong><\/span><\/h3>\n<h3 style=\"text-align: center;\"><span style=\"color: #000000;\"><strong>&nbsp;<\/strong><strong>Szanowni Pa\u0144stwo z przyjemno\u015bci\u0105 informujemy, i\u017c od dnia 01.03.2018r. <\/strong><\/span><\/h3>\n<h4 style=\"text-align: center;\"><span style=\"color: #000000;\"><strong>30 uczestnik\u00f3w projektu pt: \u201dMieszka\u0144cy powiatu lipnowskiego aktywni na rynku pracy bis\u201d (18K i 12M) przyst\u0105pi\u0142o do odbywania 6 miesi\u0119cznych sta\u017cy zawodowych u pracodawc\u00f3w zgodnie ze zdiagnozowanymi potrzebami i mo\u017cliwo\u015bciami poszczeg\u00f3lnych os\u00f3b. Sta\u017ce zawodowe odbywaj\u0105 si\u0119 zgodnie z Polskimi Ramami Jako\u015bci Praktyk i Sta\u017cy. Pracodawcy wraz z opiekunami sta\u017cyst\u00f3w oraz kierownikiem projektu opracowali wsp\u00f3lnie programy sta\u017cu w formie spisanego dokumentu. Programy sta\u017cu zawieraj\u0105: zdefiniowane cele edukacyjne, tre\u015bci edukacyjne oraz zakres obowi\u0105zk\u00f3w. Okre\u015blaj\u0105 tak\u017ce nazw\u0119 zawodu oraz specjalno\u015b\u0107, kt\u00f3rej dotyczy sta\u017c, rodzaj uzyskiwanych kwalifikacji lub umiej\u0119tno\u015bci zawodowych, spos\u00f3b potwierdzenia nabytych kwalifikacji i umiej\u0119tno\u015bci zawodowych, opiekuna osoby obj\u0119tej sta\u017cem. Program zosta\u0142 opracowany indywidualnie, z uwzgl\u0119dnieniem potrzeb i potencja\u0142u sta\u017cysty. Ka\u017cdemu ze sta\u017cyst\u00f3w zosta\u0142o zapewnione odpowiednie stanowisko pracy sta\u017cysty wyposa\u017cone&nbsp;<\/strong><strong>w niezb\u0119dne sprz\u0119ty, narz\u0119dzia i zaplecze zgodnie z programem sta\u017cu. <\/strong><\/span><\/h4>\n<p>&nbsp;<\/p>\n<p style=\"text-align: center;\"><img loading=\"lazy\" decoding=\"async\" class=\"alignnone size-large wp-image-1416\" src=\"http:\/\/omegakikol.pl\/wp-content\/uploads\/2018\/03\/plakat-Mieszka\u0144cy...bis_-724x1024.jpg\" alt=\"\" width=\"724\" height=\"1024\" srcset=\"https:\/\/omegakikol.pl\/wp-content\/uploads\/2018\/03\/plakat-Mieszka\u0144cy...bis_-724x1024.jpg 724w, https:\/\/omegakikol.pl\/wp-content\/uploads\/2018\/03\/plakat-Mieszka\u0144cy...bis_-212x300.jpg 212w, https:\/\/omegakikol.pl\/wp-content\/uploads\/2018\/03\/plakat-Mieszka\u0144cy...bis_-768x1086.jpg 768w\" sizes=\"auto, (max-width: 724px) 100vw, 724px\" \/><\/p>\n<p style=\"text-align: center;\"><a href=\"http:\/\/omegakikol.pl\/wp-content\/uploads\/2018\/01\/dane-uczestnik\u00f3w-projektu.doc\">dane uczestnik\u00f3w projektu<\/a><\/p>\n<p style=\"text-align: center;\"><a href=\"http:\/\/omegakikol.pl\/wp-content\/uploads\/2018\/01\/deklaracja-uczestnictwa-w-projekcie.doc\">deklaracja uczestnictwa w projekcie<\/a><\/p>\n<p style=\"text-align: center;\"><a href=\"http:\/\/omegakikol.pl\/wp-content\/uploads\/2018\/01\/Formularz-zg\u0142oszeniowy.doc\">Formularz zg\u0142oszeniowy<\/a><\/p>\n<p style=\"text-align: center;\"><a href=\"http:\/\/omegakikol.pl\/wp-content\/uploads\/2018\/01\/o\u015bwiadczenie-o-niskich-kwalifikacjach.doc\">o\u015bwiadczenie o niskich kwalifikacjach<\/a><\/p>\n<p style=\"text-align: center;\"><a href=\"http:\/\/omegakikol.pl\/wp-content\/uploads\/2018\/01\/o\u015bwiadczenie-o-uko\u0144czeniu-50-lat.doc\">o\u015bwiadczenie o uko\u0144czeniu 50 lat<\/a><\/p>\n<p style=\"text-align: center;\"><a href=\"http:\/\/omegakikol.pl\/wp-content\/uploads\/2018\/01\/TEST-NA-EFEKTYWNO\u015a\u0106-ZATRUDNIENIA-16.01.-dla-uczestnik\u00f3w.doc\">TEST NA EFEKTYWNO\u015a\u0106 ZATRUDNIENIA &#8211; 16.01. &#8211; dla uczestnik\u00f3w<\/a><\/p>\n<p style=\"text-align: center;\"><a href=\"http:\/\/omegakikol.pl\/wp-content\/uploads\/2018\/01\/regulamin-rekrutacji.pdf\">regulamin rekrutacji<\/a><\/p>\n<p>&nbsp;<\/p>\n<h4><span class=\"m_-3756690608805578965colour\">W zwi\u0105zku z realizacj\u0105 projektu pn.\u201e Czym skorupka za m\u0142odu-uczniowie z 13 szk\u00f3\u0142 kszta\u0142cenia podstawowego W\u0142oc\u0142awka podnosz\u0105 swoje kompetencje\u201d wsp\u00f3\u0142finansowanego przez Regionalny Program Operacyjny Wojew\u00f3dztwa Kujawsko-Pomorskiego na lata 2014-2020- RPKP.10.02.02, nr projektu:EF-III.432.558.2016 w kt\u00f3rym Wnioskodawc\u0105 jest PANACEUM-OMEGA Maria Jolanta Wyborska a Partnerem Gmina Miasto W\u0142oc\u0142awek, publikujemy informacj\u0119 dotycz\u0105c\u0105&nbsp;<\/span>rozeznania rynku na dostaw\u0119 materia\u0142\u00f3w biurowych:<\/h4>\n<h3 style=\"text-align: center;\"><a href=\"http:\/\/omegakikol.pl\/?p=1679\"><span style=\"color: #0000ff;\">&#8211; Dokumenty&nbsp; do pobrania &#8211;&nbsp;<\/span><\/a><\/h3>\n<p style=\"text-align: right;\">dodano&nbsp;14.03.2018r.<\/p>\n<p>&nbsp;<\/p>\n<p style=\"text-align: center;\"><strong>Informacja o przetargu do projektu <\/strong><\/p>\n<p style=\"text-align: center;\"><strong>&#8222;<em>Czym skorupka za m\u0142odu -uczniowie z 13 szk\u00f3\u0142 kszta\u0142cenia podstawowego W\u0142oc\u0142awka podnosz\u0105 swoje&nbsp; kompetencje<\/em>&#8221;&nbsp;<\/strong><\/p>\n<p>&nbsp;<\/p>\n<p style=\"text-align: center;\"><img loading=\"lazy\" decoding=\"async\" class=\"alignnone size-large wp-image-1372\" src=\"http:\/\/omegakikol.pl\/wp-content\/uploads\/2016\/01\/Plakat-panaeum-2-724x1024.jpg\" alt=\"\" width=\"724\" height=\"1024\" srcset=\"https:\/\/omegakikol.pl\/wp-content\/uploads\/2016\/01\/Plakat-panaeum-2-724x1024.jpg 724w, https:\/\/omegakikol.pl\/wp-content\/uploads\/2016\/01\/Plakat-panaeum-2-212x300.jpg 212w, https:\/\/omegakikol.pl\/wp-content\/uploads\/2016\/01\/Plakat-panaeum-2-768x1086.jpg 768w, https:\/\/omegakikol.pl\/wp-content\/uploads\/2016\/01\/Plakat-panaeum-2.jpg 849w\" sizes=\"auto, (max-width: 724px) 100vw, 724px\" \/><\/p>\n<h3 style=\"text-align: center;\"><a href=\"http:\/\/omegakikol.pl\/wp-content\/uploads\/2018\/03\/informacja-o-kursie-z-przyrody.odt\">INFORMACJA O KURSIE Z PRZYRODY<\/a><\/h3>\n<h3 style=\"text-align: center;\"><a href=\"http:\/\/omegakikol.pl\/wp-content\/uploads\/2018\/03\/EKSPERYMENT-NA-LEKCJACH-PRZYRODY-PROGRAM.doc\">EKSPERYMENT NA LEKCJACH PRZYRODY &#8211; PROGRAM<\/a><\/h3>\n<p style=\"text-align: center;\"><strong>\u201eCzym skorupka za m\u0142odu- uczniowie z 13 szk\u00f3\u0142 kszta\u0142cenia podstawowego W\u0142oc\u0142awka podnosz\u0105 swoje kompetencje\u201d<\/strong><\/p>\n<p style=\"text-align: center;\"><strong>&nbsp;<\/strong><\/p>\n<p style=\"text-align: center;\"><strong>RPKP. 10.02.02-04-0071\/16<\/strong><\/p>\n<p>&nbsp;<\/p>\n<p>Mija kolejny miesi\u0105c realizacji projektu edukacyjnego \u201eCzym skorupka za m\u0142odu\u2026..\u201d. Projekt cieszy si\u0119 du\u017cym zainteresowaniem w\u015br\u00f3d uczni\u00f3w wszystkich 13 szk\u00f3\u0142 bior\u0105cych w nim udzia\u0142. Uczniowie ch\u0119tnie uczestnicz\u0105 w zaj\u0119ciach zar\u00f3wno rozwijaj\u0105cych jak i wyr\u00f3wnawczych, nie zwa\u017caj\u0105c na to, \u017ce czasami trzeba przyj\u015b\u0107 na zaj\u0119cia w soboty.<\/p>\n<p>Dzi\u0119ki projektowi 4 szko\u0142y wzbogaci\u0142y si\u0119 o mi\u0119dzyszkolne pracownie przyrodnicze, bogato wyposa\u017cone w sprz\u0119t multimedialny, mikroskopy, sprz\u0119t do r\u00f3\u017cnego rodzaju pomiar\u00f3w, do\u015bwiadcze\u0144 i eksperyment\u00f3w. W jednej ze szk\u00f3\u0142 najwi\u0119cej emocji wzbudzi\u0142o akwarium i terrarium. Uczniowie tej szko\u0142y sami zainicjowali pomoc w ich urz\u0105dzaniu. Wsp\u00f3lnie z nauczycielami przyrody wybrali kilka gatunk\u00f3w rybek, ro\u015bliny i inne wyposa\u017cenie wodnego \u015bwiata. W terrarium pojawi\u0142 si\u0119 natomiast \u017c\u00f3\u0142w \u2013 Zygmunt, bo tak nazwali go nasi uczniowie. Jest on absolutnym hitem i liczymy, \u017ce zaaklimatyzuje si\u0119 w nowych warunkach i nawi\u0105\u017ce przyjazne relacje z uczniami.<\/p>\n<p>Uczestnicy zaj\u0119\u0107 rozwijaj\u0105cych z j\u0119zyka angielskiego bardzo \u017ca\u0142owali, \u017ce ich zaj\u0119cia ju\u017c si\u0119 zako\u0144czy\u0142y, ale pochwalili si\u0119, \u017ce dzi\u0119ki udzia\u0142owi w projekcie podnie\u015bli swoje kompetencje j\u0119zykowe na tyle, \u017ce na p\u00f3\u0142rocze otrzymali wy\u017csze oceny ni\u017c zwykle. Congratulations.<\/p>\n<p>Nie zapominamy oczywi\u015bcie o zaj\u0119ciach matematycznych, informatycznych czy logopedycznych. Na nich te\u017c si\u0119 dzieje\u2026..<\/p>\n<p>Przed nami jeszcze kilka miesi\u0119cy zaj\u0119\u0107 projektowych. Mamy nadziej\u0119, \u017ce spe\u0142ni\u0105 one oczekiwania uczni\u00f3w, podnios\u0105 ich umiej\u0119tno\u015bci i rozbudz\u0105 ch\u0119\u0107 do poznawania nowych nieznanych obszar\u00f3w edukacyjnych.<\/p>\n<h3 style=\"text-align: center;\"><a href=\"http:\/\/mst-wloclawek.rbip.mojregion.info\/zakup-pomocy-dydaktycznych-dla-4-miedzyszkolnych-pracowni-przyrodniczych-z-podzialem-na-6-zadan-na-potrzeby-realizacji-projektu-pn-czym-skorupka-za-mlodu-uczniowie-z-13\/\"><span style=\"color: #0000ff;\">&#8211; Dokumenty&nbsp; do pobrania &#8211;&nbsp;<\/span><\/a><\/h3>\n<h3 style=\"text-align: center;\">W zwi\u0105zku i\u017c na nasze post\u0119powanie na zakup pomocy dydaktycznych dla projektu<br \/>\n&#8221; Czym skorupka za m\u0142odu -uczniowie z 13 szk\u00f3\u0142 kszta\u0142cenia podstawowego W\u0142oc\u0142awka podnosz\u0105 swoje kompetencje &#8221;<br \/>\nzgodnie z zasad\u0105 konkurencyjno\u015bci nie wp\u0142yn\u0119\u0142a \u017cadna oferta ponawiamy nasze post\u0119powanie i&nbsp; zapraszamy do udzia\u0142u w post\u0119powaniu&nbsp; zgodnie z zasad\u0105 konkurencyjno\u015bci.<\/h3>\n<div>\n<h3>&nbsp;Informacja o post\u0119powaniu w ramach&nbsp; zasady konkurencyjno\u015bci&nbsp; na zakup pomocy dydaktycznych w ramach&nbsp; projektu &#8221; Czym skorupka za m\u0142odu -uczniowie z 13 szk\u00f3\u0142 kszta\u0142cenia podstawowego W\u0142oc\u0142awka podnosz\u0105 swoje kompetencje &#8221; w ramach Regionalnego Programu Operacyjnego Wojew\u00f3dztwa Kujawsko-Pomorskiego na lata 2014-2020 . Dzia\u0142anie RPKP.10.02.00 Poddzia\u0142anie&nbsp; RPKP.10.02.02 Kszta\u0142cenie og\u00f3lne.&nbsp;<\/h3>\n<\/div>\n<h3 style=\"text-align: center;\"><strong><a href=\"http:\/\/omegakikol.pl\/wp-content\/uploads\/2016\/01\/2-skorupka-konkurencyjnosc-pomoce-2.doc\">Do pobrania&#8230;<\/a><\/strong><\/h3>\n<p>&nbsp;<\/p>\n<p style=\"text-align: right;\">dodano 13.12.2017 17:50<\/p>\n<p>&nbsp;<\/p>\n<p><strong><span style=\"color: #ffffff;\">________________________<\/span>PANACEUM-OMEGA&nbsp; Maria Jolanta Wyborska z siedzib\u0105 w Kikole&nbsp;realizuje&nbsp;&nbsp; od 1 wrze\u015bnia 2017 roku projekt<\/strong><strong>&nbsp;pn. \u201e Czym skorupka za m\u0142odu-uczniowie z 13 szk\u00f3\u0142 kszta\u0142cenia podstawowego W\u0142oc\u0142awka podnosz\u0105 swoje kompetencje\u201d wsp\u00f3\u0142finansowanego przez Regionalny Program Operacyjny Wojew\u00f3dztwa Kujawsko-Pomorskiego na lata 2014-2020- RPKP.10.02.02, nr projektu:EF-III.432.558.2016 w kt\u00f3rym Wnioskodawc\u0105 jest PANACEUM-OMEGA Maria Jolanta Wyborska a Partnerem Gmina Miasto W\u0142oc\u0142awek.<\/strong><\/p>\n<p><strong>W zwi\u0105zku z rozeznaniem rynku zach\u0119camy do zapoznania si\u0119 z dokumentami dotycz\u0105cymi zakup\u00f3w. Szczeg\u00f3\u0142y w <a href=\"http:\/\/omegakikol.pl\/wp-content\/uploads\/2016\/01\/1Rozeznanie-mater.-biurowe.doc\">pliku do pobrania<\/a>.<\/strong><\/p>\n<p>&nbsp;<\/p>\n<p style=\"text-align: center;\">Z powa\u017caniem,<\/p>\n<p style=\"text-align: center;\"><strong>&nbsp;PANACEUM-OMEGA<\/strong><\/p>\n<p style=\"text-align: center;\"><strong>Maria Jolanta Wyborska<\/strong><\/p>\n<p style=\"text-align: center;\"><strong>87-620 Kik\u00f3\u0142 ul. Zboi\u0144skiego 28<\/strong><\/p>\n<p style=\"text-align: center;\"><strong>&nbsp;&nbsp; tel. 604&nbsp;486&nbsp;117<\/strong><\/p>\n<p>&nbsp;<\/p>\n<p>&nbsp;<\/p>\n<p style=\"text-align: center;\"><strong>PROJEKT <\/strong><\/p>\n<p style=\"text-align: center;\"><strong>\u201eMieszka\u0144cy powiatu lipnowskiego aktywni na rynku pracy\u201d<\/strong><\/p>\n<p style=\"text-align: center;\"><strong>&nbsp;RPKP.08.02.01-04-0002\/16<\/strong><\/p>\n<p style=\"text-align: center;\"><strong>Projekt realizowany w okresie 01.01.2017r. \u2013 31.08.2017r.<\/strong><\/p>\n<p><strong>&nbsp; &nbsp; &nbsp; &nbsp; &nbsp; &nbsp; &nbsp;&nbsp;<\/strong><strong>Od dnia 01.03.2017r. 30 uczestnik\u00f3w projektu (17K i 13M) przyst\u0105pi\u0142o do odbywania <\/strong><\/p>\n<p style=\"text-align: center;\"><strong>5 miesi\u0119cznych sta\u017cy zawodowych u pracodawc\u00f3w zgodnie ze zdiagnozowanymi potrzebami i mo\u017cliwo\u015bciami poszczeg\u00f3lnych os\u00f3b. Sta\u017ce zawodowe odbywaj\u0105 si\u0119 zgodnie z Polskimi Ramami Jako\u015bci Praktyk i Sta\u017cy.<\/strong><\/p>\n<h4 style=\"color: #2d0059; font-size: x-small; widows: 1; text-align: right; background-color: #ffffff;\"><a href=\"http:\/\/omegakikol.pl\/?p=1307\">Czytaj dalej..<\/a><\/h4>\n<p style=\"text-align: center;\">&nbsp;<\/p>\n<p style=\"text-align: center;\"><a href=\"http:\/\/omegakikol.pl\/?p=1291\"><span style=\"color: #ff6600;\"><strong>Lista os\u00f3b zakwalifikowanych do wzi\u0119cia udzia\u0142u w projekcie <\/strong><\/span><\/a><\/p>\n<p style=\"text-align: center;\"><a href=\"http:\/\/omegakikol.pl\/?p=1291\"><span style=\"color: #ff6600;\"><strong>pt: \u201eMieszka\u0144cy powiatu lipnowskiego aktywni na rynku pracy\u201d<\/strong><\/span><\/a><\/p>\n<p style=\"text-align: center;\"><a href=\"http:\/\/omegakikol.pl\/?p=1291\"><span style=\"color: #ff6600;\"><strong>nr RPKP.08.02.01-04-0002\/16<\/strong><\/span><\/a><\/p>\n<h3 style=\"text-align: center;\">&nbsp;<\/h3>\n<h3 style=\"text-align: center;\"><span style=\"color: #ff0000;\">Rozpoczynamy Nowy Projekt:<\/span><\/h3>\n<h4 style=\"text-align: center;\"><span style=\"color: #993300;\"><u>\u201eMieszka\u0144cy powiatu lipnowskiego <\/u><\/span><\/h4>\n<h4 style=\"text-align: center;\"><span style=\"color: #993300;\"><u>aktywni na rynku pracy\u201d<\/u><\/span><\/h4>\n<h4 style=\"text-align: center;\"><span style=\"color: #993300;\">Dzia\u0142anie RPKP.08.02.00 \u201eWspieranie aktywno\u015bci zawodowej w regionie\u201d<\/span><\/h4>\n<h4 style=\"text-align: center;\"><span style=\"color: #993300;\">Poddzia\u0142anie RPKP.08.02.01 \u201eWsparcie na rzecz podniesienia poziomu aktywno\u015bci zawodowej os\u00f3b pozostaj\u0105cych bez zatrudnienia\u201d<\/span><\/h4>\n<p><a href=\"http:\/\/omegakikol.pl\/wp-content\/uploads\/2016\/01\/lipno.jpg\"><img loading=\"lazy\" decoding=\"async\" class=\"size-large wp-image-1217 aligncenter\" src=\"http:\/\/omegakikol.pl\/wp-content\/uploads\/2016\/01\/lipno-724x1024.jpg\" alt=\"\" width=\"724\" height=\"1024\" srcset=\"https:\/\/omegakikol.pl\/wp-content\/uploads\/2016\/01\/lipno-724x1024.jpg 724w, https:\/\/omegakikol.pl\/wp-content\/uploads\/2016\/01\/lipno-212x300.jpg 212w, https:\/\/omegakikol.pl\/wp-content\/uploads\/2016\/01\/lipno-768x1086.jpg 768w\" sizes=\"auto, (max-width: 724px) 100vw, 724px\" \/><\/a><\/p>\n<h4 style=\"color: #2d0059; font-size: x-small; widows: 1; text-align: right; background-color: #ffffff;\"><a href=\"http:\/\/omegakikol.pl\/?p=1209\">Czytaj dalej..<\/a><\/h4>\n<p>&nbsp;<\/p>\n<h2 style=\"text-align: center;\"><span style=\"color: #000000;\">Listy uczni\u00f3w z poszczeg\u00f3lnych szk\u00f3\u0142 bior\u0105cych udzia\u0142 w projekcie sta\u017ce uczni\u00f3w W\u0142oc\u0142awka szans\u0105 na lepsz\u0105 prac\u0119<\/span><\/h2>\n<h2 style=\"text-align: center;\"><a href=\"http:\/\/omegakikol.pl\/wp-content\/uploads\/2016\/01\/Rejestr-uczni\u00f3w-z-ZSB.doc\">Lista-uczni\u00f3w-z-zsb<\/a><\/h2>\n<h2 style=\"text-align: center;\">&nbsp;<a href=\"http:\/\/omegakikol.pl\/wp-content\/uploads\/2016\/01\/Rejestr-uczni\u00f3w-z-ZSCh.doc\">Lista-uczni\u00f3w-z-zsch<\/a><\/h2>\n<h2 style=\"text-align: center;\">&nbsp;<a href=\"http:\/\/omegakikol.pl\/wp-content\/uploads\/2016\/01\/Rejestr-uczni\u00f3w-z-ZSEk.doc\">Lista-uczni\u00f3w-z-zsek<\/a><\/h2>\n<h2 style=\"text-align: center;\">&nbsp;<a href=\"http:\/\/omegakikol.pl\/wp-content\/uploads\/2016\/01\/Rejestr-uczni\u00f3w-z-ZSEl.doc\">Lista-uczni\u00f3w-z-zsel<\/a><\/h2>\n<h2 style=\"text-align: center;\"><a href=\"http:\/\/omegakikol.pl\/wp-content\/uploads\/2016\/01\/Rejestr-uczni\u00f3w-z-ZSS.doc\">Lista-uczni\u00f3w-z-zss<\/a><\/h2>\n<h2 style=\"text-align: center;\"><a href=\"http:\/\/omegakikol.pl\/wp-content\/uploads\/2016\/01\/Rejestr-uczni\u00f3w-z-ZST.doc\">Lista-uczni\u00f3w-z-zst<\/a><\/h2>\n<h2 style=\"text-align: center;\">&nbsp;<\/h2>\n<p>&nbsp;<\/p>\n<h1 style=\"text-align: center;\">Projekt pt.: \u201eSta\u017ce uczni\u00f3w W\u0142oc\u0142awka szans\u0105 na lepsza prac\u0119\u201d<\/h1>\n<h1 style=\"text-align: center;\">RPKP.10.02.03-04-0004\/15<\/h1>\n<h1 style=\"text-align: center;\">&nbsp;<\/h1>\n<h2 style=\"text-align: center;\">Projekt realizowany w okresie 01.06.2016 \u2013 31.10.2016<\/h2>\n<h2 style=\"text-align: center;\"><span style=\"color: #000000;\">Projekt zak\u0142ada zorganizowanie wysokiej jako\u015bci sta\u017cy zawodowych dla 270 uczni\u00f3w\/uczennic z sze\u015bciu szk\u00f3\u0142 zawodowych z terenu W\u0142oc\u0142awka.<\/span><\/h2>\n<p style=\"text-align: center;\"><a href=\"http:\/\/omegakikol.pl\/?p=1174\"><span style=\"color: #ff0000;\"><em><strong>Regulamin projetku<\/strong><\/em><\/span><\/a><\/p>\n<p>&nbsp;<\/p>\n<h4 style=\"color: #2d0059; font-size: x-small; widows: 1; text-align: right; background-color: #ffffff;\"><a href=\"http:\/\/omegakikol.pl\/?p=1169\">Czytaj dalej..<\/a><\/h4>\n<p>&nbsp;<\/p>\n<p>&nbsp;<\/p>\n<p>&nbsp;<\/p>\n<p>&nbsp;<\/p>\n<p>&nbsp;<\/p>\n<p>&nbsp;<\/p>\n<p><center style=\"color: #2d0059; font-size: x-small; widows: 1; background-color: #ffffff;\"><\/center><center style=\"color: #2d0059; font-size: x-small; widows: 1; background-color: #ffffff;\"><\/center><center style=\"color: #2d0059; font-size: x-small; widows: 1; background-color: #ffffff;\"><\/center><center style=\"color: #2d0059; font-size: x-small; widows: 1; background-color: #ffffff;\"><span style=\"color: #00a200; font-size: large;\"><b style=\"font-family: Georgia;\"><i>RYNEK PRACY OTWARTY DLA WSZYSTKICH<\/i><br \/>\n\u201e\u0084M\u0142odzi z powiatu lipnowskiego i w\u0142oc\u0142awskiego bezrobociu m\u00f3wi\u0105 nie\u0094\u201d<\/b><\/span><\/center><span style=\"font-family: Georgia;\"><br style=\"color: #2d0059; font-size: x-small; widows: 1; background-color: #ffffff;\"><span style=\"font-size: 16px;\"><br style=\"color: #2d0059; widows: 1; background-color: #ffffff;\"><br style=\"color: #2d0059; widows: 1; background-color: #ffffff;\"><\/span><span style=\"widows: 1; color: black; background-color: #ffffff;\"><br \/>\n<\/span><\/span><\/p>\n<p>&nbsp;<\/p>\n<p>&nbsp;<\/p>\n<p>&nbsp;<\/p>\n<p>&nbsp;<\/p>\n<p style=\"margin-top: 0px; margin-bottom: 18px; text-align: justify; line-height: 18px; text-indent: 10em;\"><span style=\"font-size: 16px;\">Warto\u015b\u0107 projektu 419 286, 95 PLN<\/span><\/p>\n<p>Jest to projekt realizowany w ramach Programu Operacyjnego Kapita\u0142 Ludzki, Priorytet VI. Rynek pracy otwarty dla wszystkich, Dzia\u0142anie 6.1. Poprawa dost\u0119pu do zatrudnienia oraz wspieranie aktywno\u015bci zawodowej w regionie, Poddzia\u0142anie 6.1.1. Wsparcie os\u00f3b pozostaj\u0105cych bez zatrudnienia na regionalnym rynku pracy.<b>&nbsp;Okres realizacji od 01.09.2014r. do 30.06.2015r.&nbsp;<\/b><\/p>\n<div style=\"font-size: small;\" align=\"right\"><span style=\"color: #2d0059; text-decoration: underline; font-size: small;\"><a style=\"color: #006400; text-decoration: underline;\" title=\"Santa\" href=\"http:\/\/omegakikol.pl\/?p=296\">Czytaj dalej..<\/a><\/span><\/div>\n<p>&nbsp;<\/p>\n<p>&nbsp;<\/p>\n<p>&nbsp;<\/p>\n<p>&nbsp;<\/p>\n<p>&nbsp;<\/p>\n<p><center style=\"font-size: small;\"><span style=\"color: #006a35; font-size: large;\"><b><i>RYNEK PRACY OTWARTY DLA WSZYSTKICH<\/i><br \/>\n\u201eMieszka\u0144cy powiatu lipnowskiego 50+ aktywni na rynku pracy\u201d<\/b><\/span><\/center><span style=\"color: black;\">&nbsp;<\/span><\/p>\n<p>&nbsp;<\/p>\n<p>&nbsp;<\/p>\n<p>&nbsp;<\/p>\n<p>&nbsp;<\/p>\n<p style=\"margin-top: 0px; margin-bottom: 18px; text-align: justify; line-height: 18px; text-indent: 10em;\"><span style=\"font-size: 16px;\">Warto\u015b\u0107 projektu 403 970, 81 PLN<\/span><\/p>\n<p>Jest to projekt realizowany w ramach Programu Operacyjnego Kapita\u0142 Ludzki, Priorytet VI. Rynek pracy otwarty dla wszystkich, Dzia\u0142anie 6.1. Poprawa dost\u0119pu do zatrudnienia oraz wspieranie aktywno\u015bci zawodowej w regionie, Poddzia\u0142anie 6.1.1. Wsparcie os\u00f3b pozostaj\u0105cych bez zatrudnienia na regionalnym rynku pracy.&nbsp;<b>Okres realizacji od 01.09.2014r. do 30.06.2015r.&nbsp;<\/b><\/p>\n<div style=\"font-size: small;\" align=\"right\"><a style=\"color: #2cb73b; text-decoration: underline;\" title=\"Santa\" href=\"http:\/\/omegakikol.pl\/?p=299\"><span style=\"color: #2d0059; font-size: small; text-decoration: underline;\">Czytaj dalej..<\/span><\/a><\/div>\n<p><span style=\"font-family: Georgia;\">&nbsp;<\/span><\/p>\n<p>&nbsp;<\/p>\n<p>&nbsp;<\/p>\n<p>&nbsp;<\/p>\n<p>&nbsp;<\/p>\n<p><center style=\"color: #000000; font-size: small; widows: 1; background-color: #ffffff;\"><span style=\"color: #d00068; font-size: x-large;\"><b style=\"font-family: Georgia;\"><i>RYNEK PRACY OTWARTY DLA WSZYSTKICH<\/i><br \/>\n\u201e\u0084Mobilni z powiatu lipnowskiego aktywni na rynku pracy\u0094\u201d<\/b><\/span><\/center><span style=\"font-family: Georgia;\"><br style=\"color: #000000; font-size: small; widows: 1; background-color: #ffffff;\"><br style=\"color: #000000; font-size: small; widows: 1; background-color: #ffffff;\"><br style=\"color: #000000; font-size: small; widows: 1; background-color: #ffffff;\"><span style=\"widows: 1; color: black; background-color: #ffffff;\"><br \/>\n<\/span><\/span><\/p>\n<p>&nbsp;<\/p>\n<p>&nbsp;<\/p>\n<p>&nbsp;<\/p>\n<p>&nbsp;<\/p>\n<p style=\"margin-top: 0px; margin-bottom: 18px; text-align: justify; line-height: 18px; text-indent: 10em;\"><span style=\"font-size: 16px;\">Warto\u015b\u0107 projektu 463 868,66PLN<\/span><\/p>\n<p>Jest to projekt realizowany w ramach Programu Operacyjnego Kapita\u0142 Ludzki, Priorytet VI. Rynek pracy otwarty dla wszystkich, Dzia\u0142anie 6.1. Poprawa dost\u0119pu do zatrudnienia oraz wspieranie aktywno\u015bci zawodowej w regionie, Poddzia\u0142anie 6.1.1. Wsparcie os\u00f3b pozostaj\u0105cych bez zatrudnienia na regionalnym rynku pracy.&nbsp;<b>Okres realizacji od 01.08.2014r. do 31.05.2015r.<\/b><\/p>\n<div style=\"font-size: small;\" align=\"right\"><a style=\"color: #006400; text-decoration: underline;\" title=\"Santa\" href=\"http:\/\/omegakikol.pl\/?p=302\"><span style=\"color: #2d0059; font-size: small; text-decoration: underline;\">Czytaj dalej..<\/span><\/a><\/div>\n<p>&nbsp;<\/p>\n<p>&nbsp;<\/p>\n<p>&nbsp;<\/p>\n<p>&nbsp;<\/p>\n<p>&nbsp;<\/p>\n<p><center style=\"font-size: small;\"><span style=\"color: #0000ae; font-size: x-large;\"><b><i>RYNEK PRACY OTWARTY DLA WSZYSTKICH<br \/>\n\u201eM\u0142odzi z powiatu lipnowskiego aktywni na rynku pracy\u201d<\/i><\/b><\/span><\/center><span style=\"color: black;\">&nbsp;<\/span><\/p>\n<p>&nbsp;<\/p>\n<p>&nbsp;<\/p>\n<p>&nbsp;<\/p>\n<p>&nbsp;<\/p>\n<p style=\"margin-top: 0px; margin-bottom: 18px; text-align: justify; line-height: 18px; text-indent: 10em;\"><span style=\"font-size: 16px;\">Warto\u015b\u0107 projektu 456 250 49 PLN<\/span><\/p>\n<p>Jest to projekt realizowany w ramach Programu Operacyjnego Kapita\u0142 Ludzki, Priorytet VI. Rynek pracy otwarty dla wszystkich, Dzia\u0142anie 6.1. Poprawa dost\u0119pu do zatrudnienia oraz wspieranie aktywno\u015bci zawodowej w regionie, Poddzia\u0142anie 6.1.1. Wsparcie os\u00f3b pozostaj\u0105cych bez zatrudnienia na regionalnym rynku pracy. Okres realizacji od 01.03.2014r. do 31.12.2014r.<\/p>\n<div style=\"font-size: small;\" align=\"right\"><span style=\"color: #2d0059; text-decoration: underline; font-size: small;\"><a style=\"color: #006400; text-decoration: underline;\" title=\"Santa\" href=\"http:\/\/omegakikol.pl\/?p=305\">Czytaj dalej..<\/a><\/span><\/div>\n<div style=\"font-size: small;\" align=\"right\">&nbsp;<\/div>\n<p>&nbsp;<\/p>\n<p>&nbsp;<\/p>\n<p>&nbsp;<\/p>\n<p>&nbsp;<\/p>\n<p><center style=\"color: #000000; font-size: small; widows: 1; background-color: #ffffff;\"><span style=\"color: #0000ae; font-size: xx-large;\"><b><i style=\"font-family: Georgia;\">50+do pracy wr\u00f3\u0107<\/i><\/b><\/span><\/center><span style=\"font-family: Georgia;\"><br style=\"color: #000000; font-size: small; widows: 1; background-color: #ffffff;\"><br style=\"color: #000000; font-size: small; widows: 1; background-color: #ffffff;\"><span style=\"widows: 1; color: black; background-color: #ffffff;\"><br \/>\n<\/span><\/span><\/p>\n<p>&nbsp;<\/p>\n<p>&nbsp;<\/p>\n<p>&nbsp;<\/p>\n<p>&nbsp;<\/p>\n<p style=\"margin-top: 0px; margin-bottom: 18px; text-align: justify; line-height: 18px; text-indent: 10em;\"><span style=\"font-size: 16px;\">Warto\u015b\u0107 projektu 360 437,23 PLN<\/span><\/p>\n<p>Jest to projekt realizowany w ramach Programu Operacyjnego Kapita\u0142 Ludzki, Priorytet VI. Rynek pracy otwarty dla wszystkich, Dzia\u0142anie 6.1. Poprawa dost\u0119pu do zatrudnienia oraz wspieranie aktywno\u015bci zawodowej w regionie, Poddzia\u0142anie 6.1.1. Wsparcie os\u00f3b pozostaj\u0105cych bez zatrudnienia na regionalnym rynku pracy. Okres realizacji od 01.05.2013r. do 31.03.2014r. Celem g\u0142\u00f3wnym jest wyposa\u017cenie os\u00f3b pozostaj\u0105cych bez zatrudnienia w 100% w wieku 50-64 lata, w tym 21 K i 19 M zamieszkuj\u0105cych powiat lipnowski w nowe kwalifikacje zawodowe oraz u\u0142atwienie ich adaptacji na rynku pracy zmierzaj\u0105cej do celowo do znalezienia zatrudnienia w okresie realizacji projektu.<\/p>\n<p>&nbsp;<\/p>\n<div style=\"font-size: small;\" align=\"right\"><a style=\"color: #006400; text-decoration: underline;\" title=\"Santa\" href=\"http:\/\/omegakikol.pl\/?p=307\"><span style=\"color: #2d0059; font-size: small; text-decoration: underline;\">Czytaj dalej..<\/span><\/a><\/div>\n<p>&nbsp;<\/p>\n<p>&nbsp;<\/p>\n<p>&nbsp;<\/p>\n<p>&nbsp;<\/p>\n<p>&nbsp;<\/p>\n<p><center><b><i>\u201eWszystko dla edukacji przedszkolnej w gminach Czernikowo, Kik\u00f3\u0142, Wielgie i Zb\u00f3jno\u201d<\/i><\/b><\/center><span style=\"font-size: large; color: #d26900;\"><i>&nbsp;<\/i><\/span><\/p>\n<p>&nbsp;<\/p>\n<p>&nbsp;<\/p>\n<p>&nbsp;<\/p>\n<p>&nbsp;<\/p>\n<div align=\"center\">&nbsp;<\/div>\n<p><span style=\"color: black; font-size: medium;\">&nbsp;<\/span><\/p>\n<p style=\"margin-top: 0px; margin-bottom: 18px; text-align: justify; line-height: 18px; text-indent: 0em;\">To projekt partnerski realizowany w ramach Programu Operacyjnego Kapita\u0142 Ludzki Priorytet IX Rozw\u00f3j wykszta\u0142cenia i kompetencji w regionach.<br \/>\nDzia\u0142anie 9.1. Poddzia\u0142anie 9.1.1 Zmniejszanie nier\u00f3wno\u015bci w stopniu upowszechnienia edukacji przedszkolnej.<\/p>\n<p style=\"margin-top: 0px; margin-bottom: 18px; text-align: justify; line-height: 18px; text-indent: 0em;\"><span style=\"color: black; font-size: medium;\">B\u0119dzie on prowadzony od&nbsp;<b>15.11.2012 do 14.11.2014.<b><br \/>\nTo projekt, kt\u00f3rego Liderem jest&nbsp;<b>Fundacja Na Rzecz Rozwoju Wsi&#8221; Polska Wie\u015b 2000&#8243; im. M. Rataja a Partnerami PANACEUM-OMEGA oraz gminy: Czernikowo, Kik\u00f3\u0142, Wielgie i Zb\u00f3jno.<\/b><\/b><\/b><\/span><\/p>\n<p>&nbsp;<\/p>\n<div align=\"right\"><span style=\"color: black; font-size: medium;\"><b><b><a style=\"color: #006400; text-decoration: underline; font-weight: normal;\" title=\"Santa\" href=\"http:\/\/omegakikol.pl\/?p=311\"><span style=\"color: #2d0059; font-size: small; text-decoration: underline;\">Czytaj dalej..<\/span><\/a><\/b><\/b><\/span><\/div>\n<h3 style=\"font-weight: bold; text-align: center;\"><b><i>\u201e50+ to wiek by jeszcze pracowa\u0107\u201d<\/i><\/b><\/h3>\n<p><span style=\"font-family: Georgia;\"><i style=\"color: #d26900; font-size: large; widows: 1; background-color: #ffffff;\"><span style=\"color: black; font-size: medium;\"><span style=\"color: black; font-size: medium;\"><span style=\"color: #d26900; font-size: large;\"><i>&nbsp;<\/i><\/span><\/span><\/span><\/i><\/span><\/p>\n<p>&nbsp;<\/p>\n<p>&nbsp;<\/p>\n<p>&nbsp;<\/p>\n<p>&nbsp;<\/p>\n<p><center>Cz\u0142owiek- najlepsza inwestycja<\/center><span style=\"font-family: Georgia;\"><i style=\"color: #d26900; font-size: large; widows: 1; background-color: #ffffff;\"><span style=\"color: black; font-size: medium;\"><span style=\"color: black; font-size: medium;\"><span style=\"color: #d26900; font-size: large;\"><i><br \/>\n<span style=\"color: black; font-size: medium;\"><br \/>\n<\/span><\/i><\/span><\/span><\/span><\/i><\/span><\/p>\n<p>&nbsp;<\/p>\n<p>&nbsp;<\/p>\n<p>&nbsp;<\/p>\n<p>&nbsp;<\/p>\n<p style=\"margin-top: 0px; margin-bottom: 18px; text-align: justify; line-height: 18px; text-indent: 0em;\">Od 1 maja 2012 PANACEUM-OMEGA M.J.WYBORSKA b\u0119dzie realizowa\u0142a projekt ,,50+ to wiek by jeszcze pracowa\u0107\u0094 w ramach&nbsp;Dzia\u0142ania 6.1 Poprawa dost\u0119pu do zatrudnienia oraz wspieranie aktywno\u015bci zawodowej w regionie Poddzia\u0142anie 6.1.1 Wsparcie os\u00f3b pozostaj\u0105cych bez zatrudnienia na regionalnym rynku pracy. Projekt obejmowa\u0142 b\u0119dzie swoim zasi\u0119giem teren wojew\u00f3dztwa kujawsko- pomorskiego, a dok\u0142adniej powiat lipnowski. Odbiorcami b\u0119d\u0105&nbsp;bezrobotni i nieaktywni zawodowo mieszka\u0144cy gmin powiatu lipnowskiego w wieku 50-64. Projekt wsp\u00f3\u0142finansowany przez Uni\u0119 Europejsk\u0105 w ramach Europejskiego Funduszu Spo\u0142ecznego, realizowany od&nbsp;01.05.2012 do 30.04.2013.<\/p>\n<div style=\"font-weight: bold;\" align=\"right\"><a style=\"color: #006400; text-decoration: underline; font-weight: normal;\" title=\"Santa\" href=\"http:\/\/omegakikol.pl\/?p=314\"><span style=\"color: #2d0059; font-size: small; text-decoration: underline;\">Czytaj dalej..<\/span><\/a><\/div>\n<p style=\"text-align: center;\"><span style=\"font-weight: bold; color: #d26900; font-size: large;\"><b><i>Dzia\u0142amy lokalnie- wybierz zaw\u00f3d dla siebie<\/i><\/b><\/span><\/p>\n<p style=\"text-align: center;\"><span style=\"font-family: Georgia;\"><i style=\"color: #d26900; font-size: large; widows: 1; background-color: #ffffff;\"><span style=\"color: black; font-size: medium;\"><span style=\"color: black; font-size: medium;\"><i><\/i><span style=\"color: #d26900; font-size: large;\"><i><span style=\"color: black; font-size: medium;\"><span style=\"color: #d26900; font-size: large;\"><span style=\"font-weight: bold;\">&nbsp;<\/span><br \/>\n<\/span><\/span><\/i><\/span><\/span><\/span><\/i><\/span><\/p>\n<p>&nbsp;<\/p>\n<p>&nbsp;<\/p>\n<p>&nbsp;<\/p>\n<p>&nbsp;<\/p>\n<p><center>Cz\u0142owiek- najlepsza inwestycja<\/center><span style=\"font-family: Georgia;\"><i style=\"color: #d26900; font-size: large; widows: 1; background-color: #ffffff;\"><span style=\"color: black; font-size: medium;\"><span style=\"color: black; font-size: medium;\"><span style=\"color: #d26900; font-size: large;\"><i><span style=\"color: black; font-size: medium;\"><span style=\"color: #d26900; font-size: large;\"><br \/>\n<span style=\"color: black; font-size: medium;\"><br \/>\n<\/span><\/span><\/span><\/i><\/span><\/span><\/span><\/i><\/span><\/p>\n<p>&nbsp;<\/p>\n<p>&nbsp;<\/p>\n<p>&nbsp;<\/p>\n<p>&nbsp;<\/p>\n<p style=\"margin-top: 0px; margin-bottom: 18px; text-align: justify; line-height: 18px; text-indent: 0em;\">Od 1 kwietnia 2012 PANACEUM-OMEGA M.J.WYBORSKA rozpoczyna realizacj\u0119 projektu ,,Dzia\u0142amy lokalnie \u0096 wybierz zaw\u00f3d dla siebie \u0094 w ramach&nbsp;Dzia\u0142ania 6.3 Inicjatywy lokalne na rzecz podnoszenia poziomu aktywno\u015bci zawodowej na obszarach wiejskich. Projekt obejmowa\u0142 b\u0119dzie swoim zasi\u0119giem powiat lipnowski oraz gmin\u0119 Czernikowo. Odbiorcami b\u0119d\u0105&nbsp;bezrobotni i nieaktywni zawodowo mieszka\u0144cy powiatu lipnowskiego oraz gminy Czernikowo w wieku 15-64.<\/p>\n<div style=\"font-weight: bold;\" align=\"right\"><a style=\"color: #006400; text-decoration: underline; font-weight: normal;\" title=\"Santa\" href=\"http:\/\/omegakikol.pl\/?p=318\"><span style=\"color: #2d0059; font-size: small; text-decoration: underline;\">Czytaj dalej..<\/span><\/a><\/div>\n<p style=\"text-align: center;\"><span style=\"color: #d26900; font-size: large;\"><b style=\"font-weight: bold;\"><i>Projekt \u201e\u0084Unijne przedszkolaki z gmin Czernikowo, Kik\u00f3\u0142 i Wielgie \u0094\u201d<\/i><\/b><span style=\"font-weight: bold;\">&nbsp;<\/span><\/span><\/p>\n<p style=\"text-align: center;\"><span style=\"color: black; font-size: medium;\">&nbsp;<\/span><\/p>\n<p style=\"margin-top: 0px; margin-bottom: 18px; text-align: justify; line-height: 18px; text-indent: 3em;\">To projekt partnerski realizowany wsp\u00f3lnie z Gminami: Czernikowo, Kik\u00f3\u0142, Wielgie oraz Stowarzyszeniem na Rzecz Pe\u0142nego Rozwoju Dzieci i M\u0142odzie\u017cy w Zajeziorzu. Realizacja &#8211; 01.12.2010 do 31.03.2013 r. w ramach Programu Operacyjnego Kapita\u0142 Ludzki Priorytet IX. Rozw\u00f3j wykszta\u0142cenia i kompetencji w regionach. Projekt wsp\u00f3\u0142finansowany jest przez Uni\u0119 Europejsk\u0105 w ramach Europejskiego Funduszu Spo\u0142ecznego.<\/p>\n<div style=\"font-weight: bold;\" align=\"right\"><a style=\"color: #006400; text-decoration: underline; font-weight: normal;\" title=\"Czytaj dalej\" href=\"http:\/\/omegakikol.pl\/?p=322\"><span style=\"color: #2d0059; font-size: small; text-decoration: underline;\">Czytaj dalej<\/span><\/a><\/div>\n<p style=\"text-align: center;\"><span style=\"color: #d26900; font-size: large;\"><b style=\"font-weight: bold;\"><i>Projekt \u201eJa te\u017c chc\u0119 pracowa\u0107\u201d<\/i><\/b><span style=\"font-weight: bold;\">&nbsp;<\/span><\/span><\/p>\n<p style=\"text-align: center;\"><span style=\"color: black; font-size: medium;\">&nbsp;<\/span><\/p>\n<p style=\"margin-top: 0px; margin-bottom: 18px; text-align: justify; line-height: 18px; text-indent: 3em;\">W dniach 01.10.2010- 31.07.2011 zosta\u0142 zrealizowany projekt dla os\u00f3b bezrobotnych i nieaktywnych zawodowo, kt\u00f3re uko\u0144czy\u0142y 45 lat i mieszkaj\u0105 na terenie powiatu lipnowskiego. Projekt zrealizowany w ramach Programu Operacyjnego Kapita\u0142 Ludzki Priorytet VI. Rynek pracy otwarty dla wszystkich, wsp\u00f3\u0142finansowany przez Uni\u0119 Europejsk\u0105 w ramach Europejskiego Funduszu Spo\u0142ecznego.<\/p>\n<div style=\"font-weight: bold;\" align=\"right\"><a style=\"color: #006400; text-decoration: underline; font-weight: normal;\" title=\"Czytaj dalej\" href=\"http:\/\/omegakikol.pl\/?p=324\"><span style=\"color: #2d0059; font-size: small; text-decoration: underline;\">Czytaj dalej<\/span><\/a><\/div>\n<p style=\"text-align: center;\"><span style=\"color: #d26900; font-size: large;\"><b style=\"font-weight: bold;\"><i>Projekt \u201eCzas zmian-szans\u0105 szkolenia! \u201d<\/i><\/b><span style=\"font-weight: bold;\">&nbsp;<\/span><\/span><\/p>\n<p><span style=\"color: black; font-size: medium;\">&nbsp;<\/span><\/p>\n<p style=\"margin-top: 0px; margin-bottom: 18px; text-align: justify; line-height: 18px; text-indent: 3em;\">W dniach 01.03.2010r. &#8211; 31.12.2010r. zosta\u0142 zrealizowany projekt w ramach Programu Operacyjnego Kapita\u0142 Ludzki Priorytet VIII. Regionalne Kadry Gospodarki Dzia\u0142anie 8.1. Poddzia\u0142anie 8.1.1 Wspieranie rozwoju kwalifikacji zawodowych i doradztwo dla przedsi\u0119biorstw.<\/p>\n<div style=\"font-weight: bold;\" align=\"right\"><a style=\"color: #006400; text-decoration: underline; font-weight: normal;\" title=\"Czytaj dalej\" href=\"http:\/\/omegakikol.pl\/?p=327\"><span style=\"color: #2d0059; font-size: small; text-decoration: underline;\">Czytaj dalej<\/span><\/a><\/div>\n<p><span style=\"font-family: Georgia;\"><i style=\"color: #d26900; font-size: large; widows: 1; background-color: #ffffff;\"><i><\/i><\/i><i style=\"color: #d26900; font-size: large; widows: 1; background-color: #ffffff;\"><span style=\"color: black; font-size: medium;\"><span style=\"color: black; font-size: medium;\"><b><span style=\"color: #d26900; font-size: large;\"><i><span style=\"color: black; font-size: medium;\"><span style=\"color: #d26900; font-size: large;\"><span style=\"color: black; font-size: medium;\"><span style=\"color: #d26900; font-size: large;\"><span style=\"color: black; font-size: medium;\"><span style=\"color: #d26900; font-size: large;\"><span style=\"color: black; font-size: medium;\"><span style=\"color: #d26900; font-size: large;\"><span style=\"color: black; font-size: medium;\"><br \/>\n<\/span><\/span><\/span><\/span><\/span><\/span><\/span><\/span><\/span><\/i><\/span><\/b><\/span><\/span><\/i><\/span><\/p>\n<h2 style=\"text-align: center;\"><span style=\"color: #ff6600;\"><b>\u201eLepsza przysz\u0142o\u015b\u0107- wyr\u00f3wnywanie szans w edukacji\u201d<\/b><\/span><\/h2>\n<h2 style=\"text-align: center;\"><span style=\"color: black; font-size: small;\">Projekt zrealizowany przez Urz\u0105d Miasta W\u0142oc\u0142awka w ramach Programu Operacyjnego Kapita\u0142 Ludzki Priorytet IX Rozw\u00f3j wykszta\u0142cenia i kompetencji w regionach.<br \/>\n<\/span><\/h2>\n<p style=\"margin-top: 0px; margin-bottom: 18px; line-height: 18px; text-align: center;\"><b><span style=\"color: black; font-size: small;\">Warto\u015b\u0107 projektu-1 260 740 z\u0142.<\/span><\/b><\/p>\n<div align=\"right\"><a style=\"color: #006400; text-decoration: underline;\" title=\"Czytaj dalej\" href=\"http:\/\/omegakikol.pl\/?p=330\"><span style=\"color: #2d0059; font-size: small; text-decoration: underline;\">Czytaj dalej<\/span><\/a><\/div>\n<p>&nbsp;<\/p>\n<h3 style=\"text-align: center;\"><b><span style=\"color: #d26900; font-size: large;\">Projekt&nbsp;<i>\u201eEdukacja przedszkolna w gminach Bobrowniki, Czernikowo, Wielgie i Zb\u00f3jno\u201d<\/i><\/span><\/b><\/h3>\n<p style=\"margin-top: 0px; margin-bottom: 18px; line-height: 18px; text-align: center;\"><span style=\"color: black; font-size: small;\">Od 01.09.2009r. do 31.07.2012r. realizowany jest projekt partnerski w ramach Programu Operacyjnego Kapita\u0142 Ludzki Priorytet IX Rozw\u00f3j wykszta\u0142cenia i kompetencji w regionach Dzia\u0142anie 9.1. Poddzia\u0142anie 9.1.1 Zmniejszanie nier\u00f3wno\u015bci w stopniu upowszechnienia edukacji przedszkolnej. Projekt wsp\u00f3\u0142finansowany jest ze \u015brodk\u00f3w Unii Europejskiej w ramach Europejskiego Funduszu Spo\u0142ecznego.<a style=\"color: #006400; text-decoration: underline;\" title=\"link do strony\" href=\"http:\/\/przedszkola.omegakikol.pl\/\"><span style=\"color: #2d0059; font-size: small; text-decoration: underline;\">www.przedszkola.omegakikol.pl<\/span><\/a><\/span><\/p>\n<p style=\"text-align: center;\">Edukacja najm\u0142odszych powinna w \u0142agodny spos\u00f3b \u0142\u0105czy\u0107 zabaw\u0119 z nauk\u0105. Dlatego te\u017c taki cel b\u0119dzie przy\u015bwieca\u0142 utworzonym na terenie wymienionych gmin Punktom Przedszkolnym adresowanym do dzieci 3, 4, 5 &#8211; letnich.<\/p>\n<div align=\"right\"><a style=\"color: #006400; text-decoration: underline;\" title=\"Czytaj dalej\" href=\"http:\/\/omegakikol.pl\/?p=334\"><span style=\"color: #2d0059; font-size: small; text-decoration: underline;\">Czytaj dalej<\/span><\/a><\/div>\n<h3 style=\"text-align: center;\"><b><span style=\"color: #d26900; font-size: large;\">Projekt&nbsp;<i>\u201eZdobywam nowy zaw\u00f3d !\u201d<\/i><\/span><\/b><\/h3>\n<p style=\"margin-top: 0px; margin-bottom: 18px; line-height: 18px; text-align: center;\"><span style=\"color: black; font-size: small;\">W dniach 01.05.2009r. &#8211; 28.02.2010r. zrealizowany zosta\u0142 projekt partnerski w ramach Programu Operacyjnego Kapita\u0142 Ludzki Priorytet VIII. Regionalne Kadry Gospodarki Dzia\u0142anie 8.1. Poddzia\u0142anie 8.1.2 Wsparcie proces\u00f3w adaptacyjnych i modernizacyjnych w regionie kujawsko-pomorskim.<br \/>\nProjekt&nbsp;<b>\u201eZdobywam nowy zaw\u00f3d !\u201d<\/b>&nbsp;skierowany by\u0142 do os\u00f3b posiadaj\u0105cych wykszta\u0142cenie wy\u017csze lub \u015brednie, pracuj\u0105cych i mieszkaj\u0105cych na terenie powiatu lipnowskiego lub gmin Czernikowo, Obrowo. Pierwsze\u0144stwo w projekcie b\u0119d\u0105 mia\u0142y osoby, kt\u00f3re uko\u0144czy\u0142y 45+, s\u0105 zatrudnione w mikroprzedsi\u0119biorstwach, ma\u0142ych, \u015brednich i du\u017cych przedsi\u0119biorstwach.<\/span><\/p>\n<div align=\"right\"><a style=\"color: #006400; text-decoration: underline;\" title=\"Czytaj dalej\" href=\"http:\/\/omegakikol.pl\/?p=337\"><span style=\"color: #2d0059; font-size: small; text-decoration: underline;\">Czytaj dalej<\/span><\/a><\/div>\n<h3 style=\"text-align: center;\"><b><span style=\"color: #d26900; font-size: large;\">Projekt&nbsp;<i>\u201eW &#8222;Chemiku&#8221; masz \u0142atwiejszy start w doros\u0142e \u017cycie !\u201d<\/i><\/span><\/b><\/h3>\n<p style=\"margin-top: 0px; margin-bottom: 18px; line-height: 18px; text-align: center;\"><span style=\"color: black; font-size: small;\">Od 01.01.2009r. do 31.05.2011r. realizowany by\u0142 przez Zesp\u00f3\u0142 Szk\u00f3\u0142 Chemicznych (ZSCh) we W\u0142oc\u0142awku w partnerstwie z firm\u0105 &#8221; Omega &#8221; &#8211; Firma Szkoleniowa Maria Jolanta Wyborska projekt pod nazw\u0105&nbsp;<b>\u201eW &#8221; Chemiku &#8221; masz \u0142atwiejszy start w doros\u0142e \u017cycie!\u201d<\/b>.<\/span><\/p>\n<p><span style=\"font-family: Georgia;\"><i style=\"color: #d26900; font-size: large; widows: 1; background-color: #ffffff;\"><\/i><span style=\"color: #2d0059;\"><i><span style=\"color: black;\"><span style=\"color: black;\"><span style=\"color: black;\"><span style=\"color: #d26900;\"><span style=\"color: black;\"><br \/>\n<\/span><\/span><\/span><\/span><\/span><\/i><\/span><\/span><\/p>\n<p>&nbsp;<\/p>\n<div style=\"color: #2d0059;\" align=\"right\"><i><span style=\"color: #2d0059; text-decoration: underline;\"><a style=\"text-decoration: underline; color: #006400; font-size: 13px;\" title=\"Czytaj dalej\" href=\"http:\/\/omegakikol.pl\/?p=340\">Czytaj dalej<\/a><\/span><\/i><\/div>\n<p><span style=\"color: #2d0059; font-size: x-small;\"><i><span style=\"color: black; font-size: medium;\"><span style=\"color: black; font-size: medium;\"><span style=\"color: black; font-size: medium;\"><span style=\"color: #d26900; font-size: large;\"><span style=\"color: black; font-size: medium;\">&nbsp;<\/span><\/span><\/span><\/span><\/span><\/i><\/span><\/p>\n<p style=\"text-align: center;\"><b><span style=\"color: #d26900;\"><span style=\"font-size: 18px;\">Projekt&nbsp;<i>\u201eUwierz w siebie &#8211; naucz si\u0119 budowa\u0107 nowocze\u015bnie !\u201d<\/i><\/span><\/span><\/b><\/p>\n<p style=\"color: #2d0059; font-size: x-small; margin-top: 0px; margin-bottom: 18px; text-align: justify; line-height: 18px; display: inline !important;\"><i><span style=\"color: #d26900; font-size: large;\"><span style=\"color: black; font-family: Georgia; font-size: small;\">W dniach 01.08.2008r. &#8211; 31.06.2009r. po raz pierwszy Zesp\u00f3\u0142 Szk\u00f3\u0142 Budowlanych (ZSB) we W\u0142oc\u0142awku w partnerstwie z firm\u0105&nbsp;<b>\u201eOMEGA\u201d &#8211; Firma Szkoleniowa Maria Jolanta Wyborska<\/b>&nbsp;realizowa\u0142 projekt pod nazw\u0105&nbsp;<b>\u201eUwierz w siebie &#8211; naucz si\u0119 budowa\u0107 nowocze\u015bnie ! \u201d<\/b>. Wnioskodawca jest laureatem konkursu w ramach Dzia\u0142ania 9.2 Podniesienie atrakcyjno\u015bci i jako\u015bci szkolnictwa zawodowego Programu Operacyjnego Kapita\u0142 Ludzki. W zaj\u0119ciach bra\u0142o udzia\u0142 170 uczni\u00f3w ZSB we W\u0142oc\u0142awku.<\/span><\/span><\/i><\/p>\n<div align=\"right\"><i><span style=\"color: black; font-size: small;\"><a style=\"text-decoration: underline; color: #006400;\" title=\"Czytaj dalej\" href=\"http:\/\/omegakikol.pl\/?p=343\"><span style=\"color: #2d0059; font-size: small; text-decoration: underline;\">Czytaj dalej<\/span><\/a><\/span><\/i><a style=\"color: #006400; text-decoration: underline;\" title=\"Czytaj dalej\" href=\"http:\/\/www.omegakikol.nazwa.pl\/omegakikol\/artykuly\/wielejeszczemoge.html\">&nbsp;<\/a><\/div>\n<p>&nbsp;<\/p>\n<p><span style=\"color: black; font-family: Georgia;\"><span style=\"font-size: 16px; color: black; font-family: Georgia;\">Zrealizowali\u015bmy projekty:&nbsp;<br \/>\n<\/span><\/span><\/p>\n<ul>\n<li><span style=\"color: black; font-family: Georgia;\"><span style=\"font-size: 16px; color: black; font-family: Georgia;\">\u0095 <b>\u201eUwierz w siebie &#8211; naucz si\u0119 budowa\u0107 nowocze\u015bnie!\u201d<\/b>&nbsp;z Dzia\u0142ania 9.2 POKL. Warto\u015b\u0107 projektu 214 tys. PLN.&nbsp;<br \/>\n<\/span><\/span><\/li>\n<li><span style=\"color: black; font-family: Georgia;\"><span style=\"font-size: 16px; color: black; font-family: Georgia;\">\u0095 <b>\u201eWiele jeszcze mog\u0119 zdzia\u0142a\u0107!\u201d<\/b>&nbsp;z Dzia\u0142ania 6.3 POKL. Warto\u015b\u0107 projektu 49786.85 PLN&nbsp;<br \/>\n<\/span><\/span><\/li>\n<li><span style=\"color: black; font-family: Georgia;\"><span style=\"font-size: 16px; color: black; font-family: Georgia;\">\u0095 <b>\u201eZdobywam nowy zaw\u00f3d !\u201d<\/b>&nbsp;z Poddzia\u0142ania 8.1.2 Warto\u015b\u0107 projektu 201 946,12 PLN.&nbsp;<br \/>\n<\/span><\/span><\/li>\n<li><span style=\"color: black; font-family: Georgia;\"><span style=\"font-size: 16px; color: black; font-family: Georgia;\">\u0095 <b>\u201eCzas zmian-szans\u0105 szkolenia!\u201d<\/b>&nbsp;z Poddzia\u0142ania 8.1.1 Warto\u015b\u0107 projektu 155 805 ,10 PLN.&nbsp;<br \/>\n<\/span><\/span><\/li>\n<li><span style=\"color: black; font-family: Georgia;\"><span style=\"font-size: 16px; color: black; font-family: Georgia;\">\u0095 <b>\u201eW &#8222;Chemiku&#8221; masz \u0142atwiejszy start w doros\u0142e \u017cycie!\u201d<\/b>&nbsp;z Poddzia\u0142ania 9.1.2. Warto\u015b\u0107 projektu 689034,16 PLN.&nbsp;<br \/>\n<\/span><\/span><\/li>\n<li><span style=\"color: black; font-family: Georgia;\"><span style=\"font-size: 16px; color: black; font-family: Georgia;\">\u0095 <b>\u201eJa te\u017c chc\u0119 pracowa\u0107\u201d<\/b>&nbsp;z Poddzia\u0142ania 6.1.1.Warto\u015b\u0107 249 987,80 PLN.&nbsp;<\/span><\/span>Opr\u00f3cz dzia\u0142alno\u015bci szkoleniowej prowadzona jest tak\u017ce apteka<b>\u201ePanaceum\u201d<\/b>, kt\u00f3ra mie\u015bci si\u0119 w Czernikowie na ul. Kwiatowej 17a.<\/li>\n<li><strong>&#8222;Sta\u017ce uczni\u00f3w W\u0142oc\u0142awka szans\u0105 na lepsz\u0105 prac\u0119&#8221;&nbsp;<\/strong>z Poddzia\u0142ania 10.02.03 &nbsp;Warto\u015b\u0107 projektu 847 687,50 PLN,warto\u015b\u0107 dofinansowania z UE 720 534,37 PLN<\/li>\n<li><strong>&#8222;Mobilni z powiatu lipnowskiego aktywni na rynku pracy<\/strong>&#8221; z Poddzia\u0142ania 6.1.1 &nbsp; Warto\u015b\u0107 projektu &#8211;&nbsp;463 868,66 PLN<\/li>\n<li><strong>&#8222;Mieszka\u0144cy powiatu lipnowskiego 50+ aktywni na rynku pracy&#8221;<\/strong> z Poddzia\u0142ania 6.1.1 Warto\u015b\u0107 projektu &#8211;&nbsp;403 970, 81 PLN<\/li>\n<li><strong>&#8222;M\u0142odzi z powiatu lipnowskiego i w\u0142oc\u0142awskiego bezrobociu m\u00f3wi\u0105 nie&#8221;&nbsp;<\/strong>z Poddzia\u0142ania 6.1.1 &nbsp;Warto\u015b\u0107 &#8211;&nbsp;419 286,99 PLN &#8211;&nbsp;Projekt zrealizowany w partnerstwie. Liderem Projektu by\u0142a firma Piotr Stalmirski O\u015brodek Kszta\u0142cenia Zawodowego &#8222;OKZ&#8221; z W\u0142oc\u0142awka.<\/li>\n<li><strong>&#8222;M\u0142odzi z powiatu lipnowskiego aktywni na rynku pracy&#8221; &#8211; <\/strong>z Poddzia\u0142ania 6.1.1 Warto\u015b\u0107 &#8211;&nbsp;456 250,49 PLN<\/li>\n<li><strong>&#8222;50+ to wiek by jeszcze pracowa\u0107&#8221;<\/strong> &#8211; z Poddzia\u0142ania 6.1.1 Warto\u015b\u0107 projektu &#8211; 310 533,08 PLN&nbsp;<\/li>\n<li><strong>&#8222;50+ do pracy wr\u00f3\u0107&#8221;<\/strong> &#8211; z Poddzia\u0142ania 6.1.1 Warto\u015b\u0107 projektu &#8211;&nbsp;360 437,23 PLN<\/li>\n<li><strong>&#8222;Wszystko dla edukacji przedszkolnej w gminach Czernikowo, Kik\u00f3\u0142, Wielgie i Zb\u00f3jno&#8221;<\/strong> z Poddzia\u0142ania 9.1.1 Warto\u015b\u0107 projektu &#8211;<br \/>\n2 409 635,85 PLN &nbsp;Projekt realizowany w partnerstwie. Liderem Projektu by\u0142a Fundacja Na Rzecz Rozwoju Wsi &#8222;Polska Wie\u015b 2000&#8221; im. Macieja Rataja z Warszawy<\/li>\n<li>\n<div>&nbsp;<strong>&#8222;Unijne przedszkolaki z gmin Czernikowo, Kik\u00f3\u0142 i Wielgie&#8221;<\/strong> z Poddzia\u0142ania 9.1.1 Warto\u015b\u0107 projektu 1 712 201,96 PLN Projekt zrealizowany w partnerstwie &nbsp;z gminami Czernikowo, Kik\u00f3\u0142 i Wielgie oraz ze Stowarzyszeniem na Rzecz Pe\u0142nego Rozwoju Dzieci i M\u0142odzie\u017cy w Zajeziorzu<\/div>\n<\/li>\n<li>\n<div>&nbsp;<strong>&#8222;Edukacja przedszkolna w gminach Bobrowniki, Czernikowo,Wielgie i Zb\u00f3jno&#8221;<\/strong>&nbsp;z Poddzia\u0142ania 9.1.1 Warto\u015b\u0107 projektu&nbsp;988 539,63 PLN&nbsp;Projekt zrealizowany w partnerstwie z gminami Bobrowniki, Czernikowo, Wielgie i Zb\u00f3jno oraz Stowarzyszeniem Rozwoju So\u0142ectwa Rachcin<\/div>\n<p style=\"text-align: justify; line-height: 18px; text-indent: 3em; margin: 0px 0px 18px 0px;\">&nbsp;<\/p>\n<p style=\"text-align: justify; line-height: 18px; text-indent: 3em; margin: 0px 0px 18px 0px;\"><span style=\"color: black; font-family: Georgia;\"><b style=\"font-size: 16px;\">Firma Szkoleniowa \u201eOmega\u201d jest otwarta, ch\u0119tna do wsp\u00f3\u0142pracy, dlatego wsp\u00f3\u0142dzia\u0142a z wieloma podmiotami. Nasi pracownicy, trenerzy to osoby kompetentne, \u017cyczliwe, profesjonali\u015bci, kt\u00f3rzy z odpowiedzialno\u015bci\u0105 i pasj\u0105 wykonuj\u0105 swoje zadania.<\/b><\/span><\/p>\n<\/li>\n<\/ul>\n","protected":false},"excerpt":{"rendered":"<p>Priorytet FEKP.08.00&nbsp; Dzia\u0142anie FEKP.08.13 pn: ,, Dostosowanie kszta\u0142cenia og\u00f3lnego do potrzeb rynku pracy I ETAP\u201d FEKP.08.13-IZ.00-0004\/24 &nbsp; W dniu 01.07.2025r. rozpocz\u0119\u0142y 160 godzinne sta\u017ce uczniowskie dla 58 uczni\u00f3w z 5 Lice\u00f3w Og\u00f3lnokszta\u0142c\u0105cych W\u0142oc\u0142awka, tj: I Liceum Og\u00f3lnokszta\u0142c\u0105cego im. Ziemi Kujawskiej II Liceum Og\u00f3lnokszta\u0142c\u0105cego im. Miko\u0142aja Kopernika III Liceum Og\u00f3lnokszta\u0142c\u0105cego im. Marii Konopnickiej IV Liceum Og\u00f3lnokszta\u0142c\u0105cego [&hellip;]<\/p>\n","protected":false},"author":1,"featured_media":0,"parent":0,"menu_order":3,"comment_status":"closed","ping_status":"closed","template":"","meta":{"ngg_post_thumbnail":0,"footnotes":""},"class_list":["post-178","page","type-page","status-publish","hentry"],"_links":{"self":[{"href":"https:\/\/omegakikol.pl\/index.php?rest_route=\/wp\/v2\/pages\/178","targetHints":{"allow":["GET"]}}],"collection":[{"href":"https:\/\/omegakikol.pl\/index.php?rest_route=\/wp\/v2\/pages"}],"about":[{"href":"https:\/\/omegakikol.pl\/index.php?rest_route=\/wp\/v2\/types\/page"}],"author":[{"embeddable":true,"href":"https:\/\/omegakikol.pl\/index.php?rest_route=\/wp\/v2\/users\/1"}],"replies":[{"embeddable":true,"href":"https:\/\/omegakikol.pl\/index.php?rest_route=%2Fwp%2Fv2%2Fcomments&post=178"}],"version-history":[{"count":82,"href":"https:\/\/omegakikol.pl\/index.php?rest_route=\/wp\/v2\/pages\/178\/revisions"}],"predecessor-version":[{"id":3455,"href":"https:\/\/omegakikol.pl\/index.php?rest_route=\/wp\/v2\/pages\/178\/revisions\/3455"}],"wp:attachment":[{"href":"https:\/\/omegakikol.pl\/index.php?rest_route=%2Fwp%2Fv2%2Fmedia&parent=178"}],"curies":[{"name":"wp","href":"https:\/\/api.w.org\/{rel}","templated":true}]}}