{"id":2098,"date":"2019-05-09T21:56:49","date_gmt":"2019-05-09T19:56:49","guid":{"rendered":"http:\/\/omegakikol.pl\/?page_id=2098"},"modified":"2025-02-08T20:31:22","modified_gmt":"2025-02-08T19:31:22","slug":"aktualnosci-licealisci-wloclawka-podnosza-swoje-kompetencje","status":"publish","type":"page","link":"https:\/\/omegakikol.pl\/?page_id=2098","title":{"rendered":"Aktualno\u015bci"},"content":{"rendered":"<p style=\"text-align: center;\">&nbsp;<\/p>\n<p style=\"text-align: center;\"><img loading=\"lazy\" decoding=\"async\" class=\"aligncenter size-full wp-image-3216\" src=\"https:\/\/omegakikol.pl\/wp-content\/uploads\/2025\/02\/plakat-tluchowo.png\" alt=\"\" width=\"922\" height=\"645\" srcset=\"https:\/\/omegakikol.pl\/wp-content\/uploads\/2025\/02\/plakat-tluchowo.png 922w, https:\/\/omegakikol.pl\/wp-content\/uploads\/2025\/02\/plakat-tluchowo-300x210.png 300w, https:\/\/omegakikol.pl\/wp-content\/uploads\/2025\/02\/plakat-tluchowo-768x537.png 768w\" sizes=\"auto, (max-width: 922px) 100vw, 922px\" \/><\/p>\n<p><img loading=\"lazy\" decoding=\"async\" class=\"aligncenter size-full wp-image-3011\" src=\"https:\/\/omegakikol.pl\/wp-content\/uploads\/2022\/06\/plakat-licealisci-2.jpg\" alt=\"\" width=\"427\" height=\"600\" srcset=\"https:\/\/omegakikol.pl\/wp-content\/uploads\/2022\/06\/plakat-licealisci-2.jpg 427w, https:\/\/omegakikol.pl\/wp-content\/uploads\/2022\/06\/plakat-licealisci-2-214x300.jpg 214w\" sizes=\"auto, (max-width: 427px) 100vw, 427px\" \/> <img loading=\"lazy\" decoding=\"async\" class=\"aligncenter size-full wp-image-3010\" src=\"https:\/\/omegakikol.pl\/wp-content\/uploads\/2022\/06\/plakat-2_2019-1111.jpg\" alt=\"\" width=\"427\" height=\"600\" srcset=\"https:\/\/omegakikol.pl\/wp-content\/uploads\/2022\/06\/plakat-2_2019-1111.jpg 427w, https:\/\/omegakikol.pl\/wp-content\/uploads\/2022\/06\/plakat-2_2019-1111-214x300.jpg 214w\" sizes=\"auto, (max-width: 427px) 100vw, 427px\" \/><\/p>\n<p style=\"text-align: center;\">&nbsp;<\/p>\n<p style=\"text-align: center;\"><span style=\"color: #000000;\"><strong>&#8222;Liceali\u015bci W\u0142oc\u0142awka podnosz\u0105 swoje kompetencje\u201d<\/strong><\/span><br \/>\n<strong><span style=\"color: #000000;\">RPKP.10.02.02-04-0009\/18<\/span><\/strong><br \/>\n<strong><span style=\"color: #000000;\">okres realizacji projektu 01.01.2019- 31.08.2020<\/span><\/strong><\/p>\n<p><span style=\"color: #000000;\">01.01.2019r. rozpocz\u0119\u0142a si\u0119 realizacja projektu partnerskiego firmy PANACEUM-OMEGA Maria Jolanta Wyborska i Gminy Miasto W\u0142oc\u0142awek pt. \u201e Liceali\u015bci W\u0142oc\u0142awka podnosz\u0105 swoje kompetencje\u201d. Projekt realizowany w ramach Regionalnego Programu Operacyjnego Wojew\u00f3dztwa Kujawsko \u2013 Pomorskiego na lata 2014 -2020, Dzia\u0142anie RPKP.10.02.00 Kszta\u0142cenie og\u00f3lne i zawodowe, Poddzia\u0142anie RPKP.10.02.02 Kszta\u0142cenie og\u00f3lne.<\/span><br \/>\n<span style=\"color: #000000;\">Celem projektu jest podniesienie jako\u015bci kszta\u0142cenia w 5 szko\u0142ach Gminy Miasto W\u0142oc\u0142awek poprzez udzia\u0142 896 uczni\u00f3w w zaj\u0119ciach rozwijaj\u0105cych kompetencje kluczowe, sta\u017ce zawodowe dla pi\u0119ciu lice\u00f3w, podniesienie kompetencji 20 nauczycieli oraz doposa\u017cenie pracowni szkolnych do 31.08.2020r. <\/span><br \/>\n<span style=\"color: #000000;\">Dzia\u0142ania projektowe:<\/span><br \/>\n<span style=\"color: #000000;\">1. Typu 1 projektu- realizacja dzia\u0142a\u0144 na rzecz kszta\u0142towania i rozwijania umiej\u0119tno\u015bci uniwersalnych na rynku pracy w zakresie TIK, umiej\u0119tno\u015bci matematycznych, przedsi\u0119biorczo\u015bci, krytycznego my\u015blenia, kreatywno\u015bci.<\/span><br \/>\n<span style=\"color: #000000;\">2. Typ 5 projektu- realizacja dzia\u0142a\u0144 tworzenie warunk\u00f3w do nauczania opartego na metodzie eksperymentu w zakresie nauczania kompetencji matematyczno- przyrodniczych oraz doposa\u017cenie pracowni matematyczno- przyrodniczych w celu nauczania drog\u0105 eksperymentu naukowego w 5 Liceach W\u0142oc\u0142awka.<\/span><br \/>\n<span style=\"color: #000000;\">3. Typ 6 projektu- kurs dla 20 nauczycieli przedmiot\u00f3w matematyczno- przyrodniczych nauczania przez eksperyment naukowy w celu podniesienia kompetencji dotycz\u0105cych doskonalenia umiej\u0119tno\u015bci, kompetencji i stosowania metody eksperymentu w edukacji.<\/span><br \/>\n<span style=\"color: #000000;\">4. Typ 4 projektu- doradztwo zawodowo- edukacyjne dla 896 uczni\u00f3w\/ uczennic, wszyscy uczniowie bior\u0105cy udzia\u0142 w projekcie b\u0119d\u0105 brali udzia\u0142 w indywidualnym doradztwie, na kt\u00f3rym opracuj\u0105 formularze Indywidualnego Planu Dzia\u0142ania, okre\u015blenia drogi zawodowej i mocnych oraz s\u0142abych stron.<\/span><br \/>\n<span style=\"color: #000000;\">5. Typ 7 projektu- sta\u017ce uczni\u00f3w W\u0142oc\u0142awka w ramach um\u00f3w tr\u00f3jstronnych. Sta\u017ce zawodowe 150h u pracodawc\u00f3w\/podmiot\u00f3w realizowane na podstawie programu opracowanego przez nauczyciela, dyrektora we wsp\u00f3\u0142pracy z podmiotem przyjmuj\u0105cym na sta\u017c. Program sta\u017cu zawiera cele i tre\u015bci edukacyjne.<\/span><\/p>\n<p>&nbsp;<\/p>\n<p style=\"text-align: center;\"><span style=\"color: #000000;\">\u201e<strong>Liceali\u015bci W\u0142oc\u0142awka podnosz\u0105 swoje kompetencje\u201d<\/strong><\/span><br \/>\n<strong><span style=\"color: #000000;\">RPKP.10.02.02-04-0009\/18<\/span><\/strong><\/p>\n<p><span style=\"color: #000000;\">Szanowni Pa\u0144stwo, informujemy, i\u017c wraz z ko\u0144cem roku szkolnego 2018\/2019 zako\u0144czy\u0142y si\u0119 pierwsze zaplanowane zaj\u0119cia dla uczni\u00f3w uczestnicz\u0105cych w projekcie \u201eLiceali\u015bci W\u0142oc\u0142awka podnosz\u0105 swoje kompetencje\u201d. Zaj\u0119cia odby\u0142y si\u0119 zgodnie z zaplanowanym harmonogramem, uczniowie ch\u0119tnie w nich uczestniczyli. Zaj\u0119cia dostosowane by\u0142y do odpowiednich predyspozycji i oczekiwa\u0144 uczni\u00f3w, kt\u00f3re wynika\u0142y z wcze\u015bniej przygotowywanych diagnoz szkolnych.<\/span><\/p>\n<p><span style=\"color: #000000;\">Ponadto zgodnie z zaplanowan\u0105 \u015bcie\u017ck\u0105 w miesi\u0105cach Lipiec- Sierpie\u0144 2019r. realizowane s\u0105 150 godzinne sta\u017ce zawodowe dla uczni\u00f3w z 4 szk\u00f3\u0142 licealnych W\u0142oc\u0142awka bior\u0105cych udzia\u0142 w projekcie. Docelowo w okresie wakacyjnym zostanie zorganizowanych 80 sta\u017cy zawodowych u lokalnych pracodawc\u00f3w. Sta\u017ce zawodowe odbywaj\u0105 si\u0119 zgodnie z Polskimi Ramami Jako\u015bci Praktyk i Sta\u017cy. Do tej pory, po zako\u0144czonym pierwszym miesi\u0105cu sta\u017cu nie odnotowano \u017cadnych trudno\u015bci. Opiekunowie sta\u017cyst\u00f3w bardzo chwal\u0105 swoich podopiecznych, kt\u00f3rzy dzi\u0119ki sta\u017com zawodowym zyskuj\u0105 wi\u0119kszo\u015b\u0107 pewno\u015b\u0107 siebie oraz wzbogacaj\u0105 swoj\u0105 wiedz\u0119 o lokalnym rynku pracy. Uczniowie za\u015b s\u0105 bardzo zadowoleni, gdy\u017c i\u017c uczestnictwo w sta\u017cach zawodowych pozwoli\u0142o im podnie\u015b\u0107, naby\u0107 i rozwin\u0105\u0107 kompetencje niezb\u0119dne na rynku pracy. <\/span><\/p>\n<p><span style=\"color: #000000;\">Sta\u017ce podnios\u0142y kwalifikacje uczni\u00f3w jako przysz\u0142ych absolwent\u00f3w i wzmocni\u0142y ich zdolno\u015b\u0107 do zatrudnienia. Ponadto po dotychczas zako\u0144czonych sta\u017cach uczniowie zdobyli wiedz\u0119 i umiej\u0119tno\u015bci praktyczne, kt\u00f3re b\u0119d\u0105 mogli wykorzysta\u0107 zar\u00f3wno w dalszej edukacji w szkole jak r\u00f3wnie\u017c w swoim przysz\u0142ym \u017cyciu zawodowym, bowiem sta\u017c umo\u017cliwia zaprezentowanie si\u0119 przysz\u0142emu pracodawcy z jak najlepszej strony i to tak\u017ce jedyna okazja by ucze\u0144 m\u00f3g\u0142 zastosowa\u0107 w firmie zdobyte w czasie zaj\u0119\u0107 lekcyjnych i pozalekcyjnych umiej\u0119tno\u015bci. Sta\u017ce zawodowe s\u0105 jednoznacznie dowodem na to, i\u017c pomagaj\u0105 zdoby\u0107 do\u015bwiadczenie zawodowe i wdro\u017cy\u0107 si\u0119 \u015bwie\u017cym absolwentom szk\u00f3\u0142 \u015brednich w realia pracy w r\u00f3\u017cnych zawodach.<\/span><\/p>\n<p>&nbsp;<\/p>\n","protected":false},"excerpt":{"rendered":"<p>&nbsp; &nbsp; &#8222;Liceali\u015bci W\u0142oc\u0142awka podnosz\u0105 swoje kompetencje\u201d RPKP.10.02.02-04-0009\/18 okres realizacji projektu 01.01.2019- 31.08.2020 01.01.2019r. rozpocz\u0119\u0142a si\u0119 realizacja projektu partnerskiego firmy PANACEUM-OMEGA Maria Jolanta Wyborska i Gminy Miasto W\u0142oc\u0142awek pt. \u201e Liceali\u015bci W\u0142oc\u0142awka podnosz\u0105 swoje kompetencje\u201d. Projekt realizowany w ramach Regionalnego Programu Operacyjnego Wojew\u00f3dztwa Kujawsko \u2013 Pomorskiego na lata 2014 -2020, Dzia\u0142anie RPKP.10.02.00 Kszta\u0142cenie og\u00f3lne i [&hellip;]<\/p>\n","protected":false},"author":1,"featured_media":0,"parent":0,"menu_order":0,"comment_status":"closed","ping_status":"closed","template":"","meta":{"ngg_post_thumbnail":0,"footnotes":""},"class_list":["post-2098","page","type-page","status-publish","hentry"],"_links":{"self":[{"href":"https:\/\/omegakikol.pl\/index.php?rest_route=\/wp\/v2\/pages\/2098","targetHints":{"allow":["GET"]}}],"collection":[{"href":"https:\/\/omegakikol.pl\/index.php?rest_route=\/wp\/v2\/pages"}],"about":[{"href":"https:\/\/omegakikol.pl\/index.php?rest_route=\/wp\/v2\/types\/page"}],"author":[{"embeddable":true,"href":"https:\/\/omegakikol.pl\/index.php?rest_route=\/wp\/v2\/users\/1"}],"replies":[{"embeddable":true,"href":"https:\/\/omegakikol.pl\/index.php?rest_route=%2Fwp%2Fv2%2Fcomments&post=2098"}],"version-history":[{"count":20,"href":"https:\/\/omegakikol.pl\/index.php?rest_route=\/wp\/v2\/pages\/2098\/revisions"}],"predecessor-version":[{"id":3241,"href":"https:\/\/omegakikol.pl\/index.php?rest_route=\/wp\/v2\/pages\/2098\/revisions\/3241"}],"wp:attachment":[{"href":"https:\/\/omegakikol.pl\/index.php?rest_route=%2Fwp%2Fv2%2Fmedia&parent=2098"}],"curies":[{"name":"wp","href":"https:\/\/api.w.org\/{rel}","templated":true}]}}