{"id":3218,"date":"2025-02-06T21:24:13","date_gmt":"2025-02-06T20:24:13","guid":{"rendered":"https:\/\/omegakikol.pl\/?page_id=3218"},"modified":"2025-02-06T21:40:10","modified_gmt":"2025-02-06T20:40:10","slug":"podniesienie-kompetencji-kluczowych-w-nauczaniu-na-etapie-szkoly-podstawowej","status":"publish","type":"page","link":"https:\/\/omegakikol.pl\/?page_id=3218","title":{"rendered":"Podniesienie kompetencji kluczowych w nauczaniu na etapie szko\u0142y podstawowej"},"content":{"rendered":"<p style=\"text-align: center;\"><img loading=\"lazy\" decoding=\"async\" class=\"aligncenter size-full wp-image-3132\" src=\"https:\/\/omegakikol.pl\/wp-content\/uploads\/2024\/10\/image.png\" alt=\"\" width=\"945\" height=\"89\" srcset=\"https:\/\/omegakikol.pl\/wp-content\/uploads\/2024\/10\/image.png 945w, https:\/\/omegakikol.pl\/wp-content\/uploads\/2024\/10\/image-300x28.png 300w, https:\/\/omegakikol.pl\/wp-content\/uploads\/2024\/10\/image-768x72.png 768w\" sizes=\"auto, (max-width: 945px) 100vw, 945px\" \/><\/p>\n<p style=\"text-align: center;\"><span style=\"color: #000000; font-family: 'times new roman', times; font-size: 18px;\">Priorytet FEKP.08.00&nbsp; Dzia\u0142anie FEKP.08.27<\/span><\/p>\n<p style=\"text-align: center;\"><span style=\"color: #000000; font-family: 'times new roman', times; font-size: 18px;\"><strong>,,<\/strong> <strong>Podniesienie kompetencji kluczowych w nauczaniu na etapie szko\u0142y podstawowej\u201d<\/strong><\/span><\/p>\n<p style=\"text-align: center;\"><span style=\"color: #000000; font-family: 'times new roman', times; font-size: 18px;\"><strong><u>&nbsp;<\/u><\/strong><\/span><\/p>\n<p style=\"text-align: center;\"><span style=\"color: #000000; font-family: 'times new roman', times; font-size: 18px;\"><em>Projekt wsp\u00f3\u0142finansowany ze \u015brodk\u00f3w Unii Europejskiej w ramach Funduszy Europejskich dla Kujaw i Pomorza 2021- 2027<\/em><\/span><\/p>\n<p style=\"text-align: center;\"><span style=\"color: #000000; font-family: 'times new roman', times; font-size: 18px;\"><strong>Dzia\u0142ania realizowane w ramach projektu<\/strong><\/span><\/p>\n<p style=\"text-align: center;\">&nbsp;<\/p>\n<p style=\"text-align: left;\"><span style=\"color: #000000; font-family: 'times new roman', times; font-size: 16px;\">1.Zaj\u0119cia z KK dla ucz.:<\/span><\/p>\n<ol style=\"text-align: left;\">\n<li><span style=\"color: #000000; font-family: 'times new roman', times; font-size: 16px;\">a) zaj\u0119cia dydaktyczno\u2013 wyr\u00f3wnawcze: matematyka, j\u0119zyk angielski, niemiecki, przedmioty przyrodnicze<\/span><\/li>\n<li><span style=\"color: #000000; font-family: 'times new roman', times; font-size: 16px;\">b) zaj\u0119cia rozwijaj\u0105ce uzdolnienia : matematyka, j\u0119zyk angielski, przedmioty przyrodnicze, zaj\u0119cia teatralno- taneczno- literackie(ekspresja kulturalna)<\/span><\/li>\n<\/ol>\n<p style=\"text-align: left;\"><span style=\"color: #000000; font-family: 'times new roman', times; font-size: 16px;\">W ramach KK zaplanowano tak\u017ce : \u015bwiadomo\u015b\u0107 i ekspresj\u0119 kulturaln\u0105 , docenianie tw\u00f3rczego<\/span><\/p>\n<p style=\"text-align: left;\"><span style=\"color: #000000; font-family: 'times new roman', times; font-size: 16px;\">wyra\u017cania do\u015bwiadcze\u0144, uczu\u0107 oraz idei za pomoc\u0105 rozmaitych \u015brodk\u00f3w wyrazu, m.in. literatury, sztuk teatralnych lub wizualnych. ch\u0119\u0107 piel\u0119gnowania zdolno\u015bci estetycznych poprzez wyra\u017canie siebie \u015brodkami artystycznymi, poprzez z. rozwijaj\u0105ce umiej\u0119tno\u015bci taneczne, umiej\u0119tno\u015b\u0107 pisania r\u00f3\u017cnych form wypowiedzi, umiej\u0119tno\u015bci teatralne, umiej\u0119tno\u015b\u0107 dyskusji na temat literatury i poezji<\/span><\/p>\n<p style=\"text-align: left;\"><span style=\"color: #000000; font-family: 'times new roman', times; font-size: 16px;\">&nbsp;c)TIK- nauka kodowania i programowania, robotyka; praktyczne pos\u0142ugiwanie si\u0119 prog. u\u017cytkowymi, IT na zaj\u0119ciach &nbsp;matematyczno-przyrodniczych .<\/span><\/p>\n<p style=\"text-align: left;\"><span style=\"color: #000000; font-family: 'times new roman', times; font-size: 16px;\">&nbsp;Zaplanowano wsparcie z zakresu edukacji prozdrowotnej ( w tym dzia\u0142ania prozdrowotne, uk\u0142adanie zbilansowanej diety, zdrowe nawyki i podwy\u017cszanie sprawno\u015bci fizycznej; higiena cyfrowa w kontek\u015bcie u\u017cytkowania smartfon\u00f3w) i ekologicznej( w tym wiedza o klimacie, w tym mo\u017cliwo\u015b\u0107 zmiany indywidualnych zachowa\u0144 w celu ochrony \u015brodowiska).<\/span><\/p>\n<p style=\"text-align: left;\"><span style=\"color: #000000; font-family: 'times new roman', times; font-size: 16px;\">Przy wspieraniu kompetencji cyfrowych wykorzystany zostanie standard kompetencji cyfrowych na podstawie aktualnej na dzie\u0144 og\u0142oszenia naboru wersji ramy ,,DigComp&#8221; Prowadzenie zaj\u0119\u0107 b\u0119dzie odbywa\u0142o si\u0119 w oparciu o zasady projektowania uniwersalnego w nauczaniu.&nbsp;&nbsp;&nbsp;&nbsp;&nbsp;&nbsp;&nbsp;&nbsp;&nbsp;&nbsp;&nbsp;&nbsp;&nbsp;&nbsp;&nbsp;&nbsp;&nbsp;&nbsp;&nbsp;&nbsp;&nbsp;&nbsp;&nbsp;&nbsp;&nbsp;&nbsp;&nbsp;&nbsp;&nbsp;&nbsp;&nbsp;&nbsp;&nbsp;&nbsp;&nbsp;&nbsp;&nbsp;&nbsp;&nbsp;&nbsp;&nbsp;&nbsp;&nbsp;&nbsp;&nbsp;&nbsp;&nbsp;&nbsp;&nbsp;&nbsp;&nbsp;&nbsp;&nbsp; &nbsp;<\/span><\/p>\n<p style=\"text-align: left;\"><span style=\"color: #000000; font-family: 'times new roman', times; font-size: 16px;\">2.Zaj\u0119cia specjalistyczne dla uczni\u00f3w; wszystkie zaj\u0119cia w ramach zad.1. realizowane zgodnie z Rozp. MEN z dnia 9 sierpnia 2017 r. w sprawie zasad organizacji i udzielania pomocy pp w publicznych przedszkolach, szko\u0142ach i plac\u00f3wkach<\/span><\/p>\n<ol style=\"text-align: left;\">\n<li><span style=\"color: #000000; font-family: 'times new roman', times; font-size: 16px;\">a) korekcyjno-kompensacyjne<\/span><\/li>\n<li><span style=\"color: #000000; font-family: 'times new roman', times; font-size: 16px;\">b) logopedyczne<\/span><\/li>\n<li><span style=\"color: #000000; font-family: 'times new roman', times; font-size: 16px;\">c) terapia pedagogiczna<\/span><\/li>\n<li><span style=\"color: #000000; font-family: 'times new roman', times; font-size: 16px;\">d) zaj\u0119cia rozwijaj\u0105ce zdolno\u015b\u0107 uczenia si\u0119<\/span><\/li>\n<li><span style=\"color: #000000; font-family: 'times new roman', times; font-size: 16px;\">e) zaj\u0119cia rozwijaj\u0105ce kompetencje emocjonalno-spo\u0142eczne<\/span><\/li>\n<li><span style=\"color: #000000; font-family: 'times new roman', times; font-size: 16px;\">Doradztwo edukacyjno -zawodowe. Doradztwo edukacyjno-zawodowe dla uczni\u00f3w dotyczy realizacji dzia\u0142a\u0144 z zakresu doradztwa zawodowego zwi\u0105zanego z wyborem dalszych kierunk\u00f3w kszta\u0142cenia oraz uwzgl\u0119dnieniem aktualnych potrzeb rynku pracy oraz<\/span><\/li>\n<\/ol>\n<p style=\"text-align: left;\"><span style=\"color: #000000; font-family: 'times new roman', times; font-size: 16px;\">Doradztwo edukacyjno-zawodowe na ka\u017cdym poziomie edukacyjnym b\u0119dzie uwzgl\u0119dnia\u0107<\/span><\/p>\n<p style=\"text-align: left;\"><span style=\"color: #000000; font-family: 'times new roman', times; font-size: 16px;\">perspektyw\u0119 p\u0142ci i przeciwdzia\u0142anie dyskryminacji p\u0142ci, w tym stereotypom (np. zawody uto\u017csamiane z p\u0142ci\u0105) w wyborze \u015bcie\u017cki edukacyjno-zawodowej oraz b\u0119dzie wspiera\u0107 wyb\u00f3r kariery w obszarze STEM, w tym przez kobiety.<\/span><\/p>\n<p style=\"text-align: left;\"><span style=\"color: #000000; font-family: 'times new roman', times; font-size: 16px;\">Zaplanowano wsparcie z zakresu edukacji prozdrowotnej (w tym dzia\u0142ania prozdrowotne, uk\u0142adanie zbilansowanej diety, zdrowe nawyki i podwy\u017cszanie sprawno\u015bci fizycznej; higiena cyfrowa w kontek\u015bcie u\u017cytkowania smartfon\u00f3w) i ekologicznej (w tym wiedza o klimacie, w tym mo\u017cliwo\u015b\u0107 zmiany indywidualnych zachowa\u0144 w celu ochrony \u015brodowiska.<\/span><\/p>\n<p style=\"text-align: left;\"><span style=\"color: #000000; font-family: 'times new roman', times; font-size: 16px;\">Ww tematyka b\u0119dzie realizowana podczas nast\u0119puj\u0105cych zaj\u0119\u0107:<\/span><\/p>\n<ul style=\"text-align: left;\">\n<li><span style=\"color: #000000; font-family: 'times new roman', times; font-size: 16px;\">obszar tematyczny: dzia\u0142ania prozdrowotne, w tym uk\u0142adanie zbilansowanej diety,<\/span><\/li>\n<\/ul>\n<p style=\"text-align: left;\"><span style=\"color: #000000; font-family: 'times new roman', times; font-size: 16px;\">zdrowe nawyki i podwy\u017cszanie sprawno\u015bci fizycznej \u2013 b\u0119dzie realizowany w ramach zaj\u0119\u0107: przedmioty przyrodnicze.<\/span><\/p>\n<ul style=\"text-align: left;\">\n<li><span style=\"color: #000000; font-family: 'times new roman', times; font-size: 16px;\">obszar tematyczny: higiena cyfrowa, w tym w kontek\u015bcie u\u017cytkowania smartfon\u00f3w b\u0119dzie<\/span><\/li>\n<\/ul>\n<p style=\"text-align: left;\"><span style=\"color: #000000; font-family: 'times new roman', times; font-size: 16px;\">realizowany w ramach zaj\u0119\u0107: TIK , praktyczne pos\u0142ugiwanie si\u0119 programami u\u017cytkowymi, IT na zaj\u0119ciach mat. -przyrod.<\/span><\/p>\n<ul style=\"text-align: left;\">\n<li><span style=\"color: #000000; font-family: 'times new roman', times; font-size: 16px;\">obszar tematyczny: wiedza o klimacie, w tym mo\u017cliwo\u015bci zmiany indywidualnych<\/span><\/li>\n<\/ul>\n<p style=\"text-align: left;\"><span style=\"color: #000000; font-family: 'times new roman', times; font-size: 16px;\">zachowa\u0144 w celu ochrony \u015brodowiska \u2013 b\u0119dzie realizowany w ramach zaj\u0119\u0107: przedmioty<\/span><\/p>\n<p style=\"text-align: left;\"><span style=\"color: #000000; font-family: 'times new roman', times; font-size: 16px;\">przyrodnicze.<\/span><\/p>\n<ol style=\"text-align: left;\" start=\"4\">\n<li><span style=\"color: #000000; font-family: 'times new roman', times; font-size: 16px;\">Warsztaty Astronomii Kosmicznej i Fizyki Kosmosu dla 8 ucz. rozwijaj\u0105ce ich zainteresowania(PSP Mys\u0142ak\u00f3wko).<\/span><\/li>\n<\/ol>\n<p style=\"text-align: left;\"><span style=\"color: #000000; font-family: 'times new roman', times; font-size: 16px;\">Podczas warsztat\u00f3w uczniowie poznaj\u0105 odpowiedzi na wiele pyta\u0144: co to jest fala? jakie<\/span><\/p>\n<p style=\"text-align: left;\"><span style=\"color: #000000; font-family: 'times new roman', times; font-size: 16px;\">w\u0142a\u015bciwo\u015bci ma ruch falowy? jakie s\u0105 potrzebne wielko\u015bci fizyczne, \u017ceby opisa\u0107 cechy r\u00f3\u017cnych fal?<\/span><\/p>\n<ol style=\"text-align: left;\" start=\"5\">\n<li><span style=\"color: #000000; font-family: 'times new roman', times; font-size: 16px;\">Zaplanowano zakup doposa\u017cenia i pomocy dydaktycznych:<\/span><\/li>\n<li><span style=\"color: #000000; font-family: 'times new roman', times; font-size: 16px;\">a) dla PSP T\u0142uchowo za kwot\u0119: 306 435,94 z\u0142<\/span><\/li>\n<li><span style=\"color: #000000; font-family: 'times new roman', times; font-size: 16px;\">b) dla PSP Mys\u0142ak\u00f3wko za kwot\u0119: 166 009,08 z\u0142<\/span><\/li>\n<li><span style=\"color: #000000; font-family: 'times new roman', times; font-size: 16px;\">Podniesienie kompetencji kadry pedagogicznej poprzez szkolenia:<\/span><\/li>\n<li><span style=\"color: #000000; font-family: 'times new roman', times; font-size: 16px;\">a) Praca z dzieckiem ze specjalnymi potrzebami edukacyjnymi\u201d -podniesienie kompetencji<\/span><\/li>\n<\/ol>\n<p style=\"text-align: left;\"><span style=\"color: #000000; font-family: 'times new roman', times; font-size: 16px;\">nauczycieli w zakresie pracy z uczniem o specjalnych potrzebach edukacyjnych- 15 n-eli<\/span><\/p>\n<ol style=\"text-align: left;\">\n<li><span style=\"color: #000000; font-family: 'times new roman', times; font-size: 16px;\">b) Praca z uczniem zdolnym z wykorzystaniem pomocy dydaktycznych na zaj\u0119ciach&#8221; 15 n-eli<\/span><\/li>\n<li><span style=\"color: #000000; font-family: 'times new roman', times; font-size: 16px;\">c) Kompetencje wychowawcze &#8211; mediacja na linii nauczyciel-rodzic, nauczyciel &#8211;<\/span><\/li>\n<\/ol>\n<p style=\"text-align: left;\"><span style=\"color: #000000; font-family: 'times new roman', times; font-size: 16px;\">agresywny ucze\u0144,; motywacja uczni\u00f3w (\u201epokolenia telefon\u00f3w\u201d), radzenie sobie ze stresem-15 n-eli.<\/span><\/p>\n<p style=\"text-align: left;\">&nbsp;<\/p>\n<p style=\"text-align: left;\"><span style=\"color: #000000; font-family: 'times new roman', times; font-size: 16px;\"><strong>Grupy docelowe <\/strong><\/span><\/p>\n<p style=\"text-align: left;\"><span style=\"color: #000000; font-family: 'times new roman', times; font-size: 16px;\">Uczestnikami projektu b\u0119d\u0105: 280 uczni\u00f3w ( K 135 i M 145 ) i 44 n-li tych SP( 42K i 2M) dla kt\u00f3rych organem prowadz\u0105cym jest &nbsp;Gmina T\u0142uchowo.<\/span><\/p>\n<p style=\"text-align: left;\"><span style=\"color: #000000; font-family: 'times new roman', times; font-size: 16px;\"><strong>Cele Projektu<\/strong><\/span><\/p>\n<p style=\"text-align: left;\"><span style=\"color: #000000; font-family: 'times new roman', times; font-size: 16px;\">Celem jest podniesienie jako\u015bci i efektywno\u015bci kszta\u0142cenia og\u00f3lnego u 280 ucz, poprzez<\/span><\/p>\n<p style=\"text-align: left;\"><span style=\"color: #000000; font-family: 'times new roman', times; font-size: 16px;\">wsparcie dla ucz. przyczyniaj\u0105ce si\u0119 do wyr\u00f3wnywania szans edukacyjnych, zwi\u0119kszenie<\/span><\/p>\n<p style=\"text-align: left;\"><span style=\"color: #000000; font-family: 'times new roman', times; font-size: 16px;\">dost\u0119pno\u015bci i w\u0142\u0105czenia spo\u0142ecznego a tak\u017ce wsparcie dla 44 n-li daj\u0105ce podniesienie jako\u015bci<\/span><\/p>\n<p style=\"text-align: left;\"><span style=\"color: #000000; font-family: 'times new roman', times; font-size: 16px;\">kszta\u0142cenia poprzez podnoszenie kompetencji oraz wsparcie dla 2 szk\u00f3\u0142 podstawowych w Gminie T\u0142uchowo przyczyniaj\u0105ce si\u0119 do podniesienia efektywno\u015bci kszta\u0142cenia og\u00f3lnego poprzez popraw\u0119 jako\u015bci warunk\u00f3w kszta\u0142cenia do 31.12. 2026.<\/span><\/p>\n<p style=\"text-align: left;\"><span style=\"color: #000000; font-family: 'times new roman', times; font-size: 16px;\"><strong>Rezultaty projektu<\/strong><\/span><\/p>\n<ol style=\"text-align: left;\">\n<li><span style=\"color: #000000; font-family: 'times new roman', times; font-size: 16px;\">Nabycie przez uczni\u00f3w kwalifikacji \/ kompetencji\/ umiej\u0119tno\u015bci po opuszczeniu programu.<\/span><\/li>\n<li><span style=\"color: #000000; font-family: 'times new roman', times; font-size: 16px;\">Uzyskanie kwalifikacji przez przedstawicieli kadry szk\u00f3\u0142 po opuszczeniu programu.<\/span><\/li>\n<\/ol>\n<p style=\"text-align: left;\"><span style=\"color: #000000; font-family: 'times new roman', times; font-size: 16px;\"><strong>Warto\u015b\u0107 Projektu:<\/strong> 1 817 223,62 z\u0142<\/span><\/p>\n<p style=\"text-align: left;\"><span style=\"color: #000000; font-family: 'times new roman', times; font-size: 16px;\"><strong>Wysoko\u015b\u0107 wk\u0142adu Funduszy Europejskich: 1&nbsp;544&nbsp;640,07 <\/strong><strong>z\u0142 <\/strong><\/span><\/p>\n<p style=\"text-align: left;\"><span style=\"color: #000000; font-family: 'times new roman', times; font-size: 16px;\">#FunduszeUE<\/span><\/p>\n<p style=\"text-align: left;\"><span style=\"color: #000000; font-family: 'times new roman', times; font-size: 16px;\">#FunduszeEuropejskie<\/span><\/p>\n<p style=\"text-align: left;\"><span style=\"color: #000000; font-family: 'times new roman', times; font-size: 16px;\"><strong> <img loading=\"lazy\" decoding=\"async\" class=\"aligncenter size-full wp-image-3216\" src=\"https:\/\/omegakikol.pl\/wp-content\/uploads\/2025\/02\/plakat-tluchowo.png\" alt=\"\" width=\"922\" height=\"645\" srcset=\"https:\/\/omegakikol.pl\/wp-content\/uploads\/2025\/02\/plakat-tluchowo.png 922w, https:\/\/omegakikol.pl\/wp-content\/uploads\/2025\/02\/plakat-tluchowo-300x210.png 300w, https:\/\/omegakikol.pl\/wp-content\/uploads\/2025\/02\/plakat-tluchowo-768x537.png 768w\" sizes=\"auto, (max-width: 922px) 100vw, 922px\" \/><\/strong><\/span><\/p>\n<p style=\"text-align: left;\">&nbsp;<\/p>\n","protected":false},"excerpt":{"rendered":"<p>Priorytet FEKP.08.00&nbsp; Dzia\u0142anie FEKP.08.27 ,, Podniesienie kompetencji kluczowych w nauczaniu na etapie szko\u0142y podstawowej\u201d &nbsp; Projekt wsp\u00f3\u0142finansowany ze \u015brodk\u00f3w Unii Europejskiej w ramach Funduszy Europejskich dla Kujaw i Pomorza 2021- 2027 Dzia\u0142ania realizowane w ramach projektu &nbsp; 1.Zaj\u0119cia z KK dla ucz.: a) zaj\u0119cia dydaktyczno\u2013 wyr\u00f3wnawcze: matematyka, j\u0119zyk angielski, niemiecki, przedmioty przyrodnicze b) zaj\u0119cia rozwijaj\u0105ce [&hellip;]<\/p>\n","protected":false},"author":1,"featured_media":0,"parent":0,"menu_order":0,"comment_status":"closed","ping_status":"closed","template":"","meta":{"ngg_post_thumbnail":0,"footnotes":""},"class_list":["post-3218","page","type-page","status-publish","hentry"],"_links":{"self":[{"href":"https:\/\/omegakikol.pl\/index.php?rest_route=\/wp\/v2\/pages\/3218","targetHints":{"allow":["GET"]}}],"collection":[{"href":"https:\/\/omegakikol.pl\/index.php?rest_route=\/wp\/v2\/pages"}],"about":[{"href":"https:\/\/omegakikol.pl\/index.php?rest_route=\/wp\/v2\/types\/page"}],"author":[{"embeddable":true,"href":"https:\/\/omegakikol.pl\/index.php?rest_route=\/wp\/v2\/users\/1"}],"replies":[{"embeddable":true,"href":"https:\/\/omegakikol.pl\/index.php?rest_route=%2Fwp%2Fv2%2Fcomments&post=3218"}],"version-history":[{"count":6,"href":"https:\/\/omegakikol.pl\/index.php?rest_route=\/wp\/v2\/pages\/3218\/revisions"}],"predecessor-version":[{"id":3239,"href":"https:\/\/omegakikol.pl\/index.php?rest_route=\/wp\/v2\/pages\/3218\/revisions\/3239"}],"wp:attachment":[{"href":"https:\/\/omegakikol.pl\/index.php?rest_route=%2Fwp%2Fv2%2Fmedia&parent=3218"}],"curies":[{"name":"wp","href":"https:\/\/api.w.org\/{rel}","templated":true}]}}